{"id":2789,"date":"2024-06-19T06:36:18","date_gmt":"2024-06-19T09:36:18","guid":{"rendered":"https:\/\/pcimt.org\/?page_id=2789"},"modified":"2025-02-25T13:42:57","modified_gmt":"2025-02-25T16:42:57","slug":"pactos-regional-de-barra-do-garcas","status":"publish","type":"page","link":"https:\/\/pcimt.org\/en\/regionalizacao\/pactos-regional-de-barra-do-garcas\/","title":{"rendered":"Regional Compact - Barra do Gar\u00e7as"},"content":{"rendered":"<div data-elementor-type=\"wp-page\" data-elementor-id=\"2789\" class=\"elementor elementor-2789\" data-elementor-post-type=\"page\">\n\t\t\t\t\t\t<section data-particle_enable=\"false\" data-particle-mobile-disabled=\"false\" class=\"elementor-section elementor-top-section elementor-element elementor-element-33acdcf elementor-section-boxed elementor-section-height-default elementor-section-height-default\" data-id=\"33acdcf\" data-element_type=\"section\" data-e-type=\"section\" data-settings=\"{&quot;background_background&quot;:&quot;classic&quot;,&quot;ekit_has_onepagescroll_dot&quot;:&quot;yes&quot;}\">\n\t\t\t\t\t\t\t<div class=\"elementor-background-overlay\"><\/div>\n\t\t\t\t\t\t\t<div class=\"elementor-container elementor-column-gap-default\">\n\t\t\t\t\t<div class=\"elementor-column elementor-col-100 elementor-top-column elementor-element elementor-element-79fe0bf\" data-id=\"79fe0bf\" data-element_type=\"column\" data-e-type=\"column\">\n\t\t\t<div class=\"elementor-widget-wrap elementor-element-populated\">\n\t\t\t\t\t\t<div class=\"elementor-element elementor-element-4d26540 elementor-widget elementor-widget-heading\" data-id=\"4d26540\" data-element_type=\"widget\" data-e-type=\"widget\" data-settings=\"{&quot;ekit_we_effect_on&quot;:&quot;none&quot;}\" data-widget_type=\"heading.default\">\n\t\t\t\t<div class=\"elementor-widget-container\">\n\t\t\t\t\t<h1 class=\"elementor-heading-title elementor-size-default\">Regional Compact - Barra do Gar\u00e7as<\/h1>\t\t\t\t<\/div>\n\t\t\t\t<\/div>\n\t\t\t\t\t<\/div>\n\t\t<\/div>\n\t\t\t\t\t<\/div>\n\t\t<\/section>\n\t\t\t\t<section data-particle_enable=\"false\" data-particle-mobile-disabled=\"false\" class=\"elementor-section elementor-top-section elementor-element elementor-element-ba6f1d1 elementor-section-boxed elementor-section-height-default elementor-section-height-default\" data-id=\"ba6f1d1\" data-element_type=\"section\" data-e-type=\"section\" data-settings=\"{&quot;background_background&quot;:&quot;classic&quot;,&quot;ekit_has_onepagescroll_dot&quot;:&quot;yes&quot;}\">\n\t\t\t\t\t\t<div class=\"elementor-container elementor-column-gap-default\">\n\t\t\t\t\t<div class=\"elementor-column elementor-col-100 elementor-top-column elementor-element elementor-element-7da3860\" data-id=\"7da3860\" data-element_type=\"column\" data-e-type=\"column\">\n\t\t\t<div class=\"elementor-widget-wrap elementor-element-populated\">\n\t\t\t\t\t\t<div class=\"elementor-element elementor-element-cfabcf2 elementor-widget__width-auto elementor-widget elementor-widget-image\" data-id=\"cfabcf2\" data-element_type=\"widget\" data-e-type=\"widget\" data-settings=\"{&quot;ekit_we_effect_on&quot;:&quot;none&quot;}\" data-widget_type=\"image.default\">\n\t\t\t\t<div class=\"elementor-widget-container\">\n\t\t\t\t\t\t\t\t\t\t\t\t\t\t\t<img decoding=\"async\" width=\"12\" height=\"22\" src=\"https:\/\/pcimt.org\/wp-content\/uploads\/2024\/06\/pci-image-05.webp\" class=\"attachment-full size-full wp-image-1200\" alt=\"\" srcset=\"https:\/\/pcimt.org\/wp-content\/uploads\/2024\/06\/pci-image-05.webp 12w, https:\/\/pcimt.org\/wp-content\/uploads\/2024\/06\/pci-image-05-7x12.webp 7w\" sizes=\"(max-width: 12px) 100vw, 12px\" \/>\t\t\t\t\t\t\t\t\t\t\t\t\t\t\t<\/div>\n\t\t\t\t<\/div>\n\t\t\t\t<div class=\"elementor-element elementor-element-1264f9f elementor-widget__width-auto elementor-widget elementor-widget-heading\" data-id=\"1264f9f\" data-element_type=\"widget\" data-e-type=\"widget\" data-settings=\"{&quot;ekit_we_effect_on&quot;:&quot;none&quot;}\" data-widget_type=\"heading.default\">\n\t\t\t\t<div class=\"elementor-widget-container\">\n\t\t\t\t\t<div class=\"elementor-heading-title elementor-size-default\">Regionalization<\/div>\t\t\t\t<\/div>\n\t\t\t\t<\/div>\n\t\t\t\t<section data-particle_enable=\"false\" data-particle-mobile-disabled=\"false\" class=\"elementor-section elementor-inner-section elementor-element elementor-element-ade72ee elementor-section-boxed elementor-section-height-default elementor-section-height-default\" data-id=\"ade72ee\" data-element_type=\"section\" data-e-type=\"section\" data-settings=\"{&quot;ekit_has_onepagescroll_dot&quot;:&quot;yes&quot;}\">\n\t\t\t\t\t\t<div class=\"elementor-container elementor-column-gap-default\">\n\t\t\t\t\t<div class=\"elementor-column elementor-col-50 elementor-inner-column elementor-element elementor-element-1221a55\" data-id=\"1221a55\" data-element_type=\"column\" data-e-type=\"column\">\n\t\t\t<div class=\"elementor-widget-wrap elementor-element-populated\">\n\t\t\t\t\t\t<div class=\"elementor-element elementor-element-e082acb elementor-widget elementor-widget-heading\" data-id=\"e082acb\" data-element_type=\"widget\" data-e-type=\"widget\" data-settings=\"{&quot;ekit_we_effect_on&quot;:&quot;none&quot;}\" data-widget_type=\"heading.default\">\n\t\t\t\t<div class=\"elementor-widget-container\">\n\t\t\t\t\t<div class=\"elementor-heading-title elementor-size-default\">PCI Pact Barra do Gar\u00e7as<\/div>\t\t\t\t<\/div>\n\t\t\t\t<\/div>\n\t\t\t\t<div class=\"elementor-element elementor-element-50f6934 elementor-widget elementor-widget-text-editor\" data-id=\"50f6934\" data-element_type=\"widget\" data-e-type=\"widget\" data-settings=\"{&quot;ekit_we_effect_on&quot;:&quot;none&quot;}\" data-widget_type=\"text-editor.default\">\n\t\t\t\t<div class=\"elementor-widget-container\">\n\t\t\t\t\t\t\t\t\tBarra do Gar\u00e7as is a municipality located in the Central-East region of Mato Grosso, Brazil, covering an area of 9,078.983 km\u00b2 with a population of 61,135 inhabitants. The Barra do Gar\u00e7as Regional Pact operates as part of the IDH Regional Pacts program and is aligned with the PCI strategy. The main production systems in the region are livestock and agriculture.\n\n\t\t\t\t\t\t\t\t<\/div>\n\t\t\t\t<\/div>\n\t\t\t\t<div class=\"elementor-element elementor-element-97f33c1 elementor-widget elementor-widget-image\" data-id=\"97f33c1\" data-element_type=\"widget\" data-e-type=\"widget\" data-settings=\"{&quot;ekit_we_effect_on&quot;:&quot;none&quot;}\" data-widget_type=\"image.default\">\n\t\t\t\t<div class=\"elementor-widget-container\">\n\t\t\t\t\t\t\t\t\t\t\t\t\t\t\t<img fetchpriority=\"high\" decoding=\"async\" width=\"512\" height=\"341\" src=\"https:\/\/pcimt.org\/wp-content\/uploads\/2024\/06\/soja-2.webp\" class=\"attachment-full size-full wp-image-2928\" alt=\"\" srcset=\"https:\/\/pcimt.org\/wp-content\/uploads\/2024\/06\/soja-2.webp 512w, https:\/\/pcimt.org\/wp-content\/uploads\/2024\/06\/soja-2-300x200.webp 300w, https:\/\/pcimt.org\/wp-content\/uploads\/2024\/06\/soja-2-18x12.webp 18w\" sizes=\"(max-width: 512px) 100vw, 512px\" \/>\t\t\t\t\t\t\t\t\t\t\t\t\t\t\t<\/div>\n\t\t\t\t<\/div>\n\t\t\t\t\t<\/div>\n\t\t<\/div>\n\t\t\t\t<div class=\"elementor-column elementor-col-50 elementor-inner-column elementor-element elementor-element-7ec79b9\" data-id=\"7ec79b9\" data-element_type=\"column\" data-e-type=\"column\">\n\t\t\t<div class=\"elementor-widget-wrap elementor-element-populated\">\n\t\t\t\t\t\t<div class=\"elementor-element elementor-element-6602049 elementor-widget elementor-widget-image\" data-id=\"6602049\" data-element_type=\"widget\" data-e-type=\"widget\" data-settings=\"{&quot;ekit_we_effect_on&quot;:&quot;none&quot;}\" data-widget_type=\"image.default\">\n\t\t\t\t<div class=\"elementor-widget-container\">\n\t\t\t\t\t\t\t\t\t\t\t\t\t\t\t<img decoding=\"async\" width=\"800\" height=\"482\" src=\"https:\/\/pcimt.org\/wp-content\/uploads\/2024\/06\/gado.webp\" class=\"attachment-full size-full wp-image-2927\" alt=\"\" srcset=\"https:\/\/pcimt.org\/wp-content\/uploads\/2024\/06\/gado.webp 800w, https:\/\/pcimt.org\/wp-content\/uploads\/2024\/06\/gado-300x181.webp 300w, https:\/\/pcimt.org\/wp-content\/uploads\/2024\/06\/gado-768x463.webp 768w, https:\/\/pcimt.org\/wp-content\/uploads\/2024\/06\/gado-18x12.webp 18w\" sizes=\"(max-width: 800px) 100vw, 800px\" \/>\t\t\t\t\t\t\t\t\t\t\t\t\t\t\t<\/div>\n\t\t\t\t<\/div>\n\t\t\t\t\t<\/div>\n\t\t<\/div>\n\t\t\t\t\t<\/div>\n\t\t<\/section>\n\t\t\t\t<div class=\"elementor-element elementor-element-cb4dc08 elementor-align-center elementor-widget elementor-widget-button\" data-id=\"cb4dc08\" data-element_type=\"widget\" data-e-type=\"widget\" data-settings=\"{&quot;ekit_we_effect_on&quot;:&quot;none&quot;}\" data-widget_type=\"button.default\">\n\t\t\t\t<div class=\"elementor-widget-container\">\n\t\t\t\t\t\t\t\t\t<div class=\"elementor-button-wrapper\">\n\t\t\t\t\t<a class=\"elementor-button elementor-button-link elementor-size-sm\" href=\"https:\/\/pcimt.org\/en\/balancodasmetaspcibarradogarcasportugus-2\/\" target=\"_blank\">\n\t\t\t\t\t\t<span class=\"elementor-button-content-wrapper\">\n\t\t\t\t\t\t<span class=\"elementor-button-icon\">\n\t\t\t\t<i aria-hidden=\"true\" class=\"icon icon-finance-book\"><\/i>\t\t\t<\/span>\n\t\t\t\t\t\t\t\t\t<span class=\"elementor-button-text\">Balance of Goals<\/span>\n\t\t\t\t\t<\/span>\n\t\t\t\t\t<\/a>\n\t\t\t\t<\/div>\n\t\t\t\t\t\t\t\t<\/div>\n\t\t\t\t<\/div>\n\t\t\t\t\t<\/div>\n\t\t<\/div>\n\t\t\t\t\t<\/div>\n\t\t<\/section>\n\t\t\t\t<section data-particle_enable=\"false\" data-particle-mobile-disabled=\"false\" class=\"elementor-section elementor-top-section elementor-element elementor-element-d94d2d0 elementor-hidden-desktop elementor-hidden-tablet elementor-hidden-mobile elementor-section-boxed elementor-section-height-default elementor-section-height-default\" data-id=\"d94d2d0\" data-element_type=\"section\" data-e-type=\"section\" data-settings=\"{&quot;background_background&quot;:&quot;classic&quot;,&quot;ekit_has_onepagescroll_dot&quot;:&quot;yes&quot;}\">\n\t\t\t\t\t\t<div class=\"elementor-container elementor-column-gap-default\">\n\t\t\t\t\t<div class=\"elementor-column elementor-col-100 elementor-top-column elementor-element elementor-element-d4f1079\" data-id=\"d4f1079\" data-element_type=\"column\" data-e-type=\"column\">\n\t\t\t<div class=\"elementor-widget-wrap elementor-element-populated\">\n\t\t\t\t\t\t<section data-particle_enable=\"false\" data-particle-mobile-disabled=\"false\" class=\"elementor-section elementor-inner-section elementor-element elementor-element-c33d69f elementor-section-boxed elementor-section-height-default elementor-section-height-default\" data-id=\"c33d69f\" data-element_type=\"section\" data-e-type=\"section\" data-settings=\"{&quot;ekit_has_onepagescroll_dot&quot;:&quot;yes&quot;}\">\n\t\t\t\t\t\t<div class=\"elementor-container elementor-column-gap-default\">\n\t\t\t\t\t<div class=\"elementor-column elementor-col-100 elementor-inner-column elementor-element elementor-element-74f3d8b\" data-id=\"74f3d8b\" data-element_type=\"column\" data-e-type=\"column\">\n\t\t\t<div class=\"elementor-widget-wrap elementor-element-populated\">\n\t\t\t\t\t\t<div class=\"elementor-element elementor-element-4ee8ebf elementor-widget__width-auto elementor-widget elementor-widget-image\" data-id=\"4ee8ebf\" data-element_type=\"widget\" data-e-type=\"widget\" data-settings=\"{&quot;ekit_we_effect_on&quot;:&quot;none&quot;}\" data-widget_type=\"image.default\">\n\t\t\t\t<div class=\"elementor-widget-container\">\n\t\t\t\t\t\t\t\t\t\t\t\t\t\t\t<img decoding=\"async\" width=\"12\" height=\"22\" src=\"https:\/\/pcimt.org\/wp-content\/uploads\/2024\/06\/pci-image-05.webp\" class=\"attachment-full size-full wp-image-1200\" alt=\"\" srcset=\"https:\/\/pcimt.org\/wp-content\/uploads\/2024\/06\/pci-image-05.webp 12w, https:\/\/pcimt.org\/wp-content\/uploads\/2024\/06\/pci-image-05-7x12.webp 7w\" sizes=\"(max-width: 12px) 100vw, 12px\" \/>\t\t\t\t\t\t\t\t\t\t\t\t\t\t\t<\/div>\n\t\t\t\t<\/div>\n\t\t\t\t<div class=\"elementor-element elementor-element-e5cc09b elementor-widget__width-auto elementor-widget elementor-widget-heading\" data-id=\"e5cc09b\" data-element_type=\"widget\" data-e-type=\"widget\" data-settings=\"{&quot;ekit_we_effect_on&quot;:&quot;none&quot;}\" data-widget_type=\"heading.default\">\n\t\t\t\t<div class=\"elementor-widget-container\">\n\t\t\t\t\t<div class=\"elementor-heading-title elementor-size-default\">PCI Goals<\/div>\t\t\t\t<\/div>\n\t\t\t\t<\/div>\n\t\t\t\t<div class=\"elementor-element elementor-element-4d02a9c elementor-widget elementor-widget-spacer\" data-id=\"4d02a9c\" data-element_type=\"widget\" data-e-type=\"widget\" data-settings=\"{&quot;ekit_we_effect_on&quot;:&quot;none&quot;}\" data-widget_type=\"spacer.default\">\n\t\t\t\t<div class=\"elementor-widget-container\">\n\t\t\t\t\t\t\t<div class=\"elementor-spacer\">\n\t\t\t<div class=\"elementor-spacer-inner\"><\/div>\n\t\t<\/div>\n\t\t\t\t\t\t<\/div>\n\t\t\t\t<\/div>\n\t\t\t\t<div class=\"elementor-element elementor-element-2a50590 elementor-widget elementor-widget-heading\" data-id=\"2a50590\" data-element_type=\"widget\" data-e-type=\"widget\" data-settings=\"{&quot;ekit_we_effect_on&quot;:&quot;none&quot;}\" data-widget_type=\"heading.default\">\n\t\t\t\t<div class=\"elementor-widget-container\">\n\t\t\t\t\t<h2 class=\"elementor-heading-title elementor-size-default\">GOALS<\/h2>\t\t\t\t<\/div>\n\t\t\t\t<\/div>\n\t\t\t\t<div class=\"elementor-element elementor-element-86ea61c elementor-widget elementor-widget-text-editor\" data-id=\"86ea61c\" data-element_type=\"widget\" data-e-type=\"widget\" data-settings=\"{&quot;ekit_we_effect_on&quot;:&quot;none&quot;}\" data-widget_type=\"text-editor.default\">\n\t\t\t\t<div class=\"elementor-widget-container\">\n\t\t\t\t\t\t\t\t\tAmong the goals of the Regional Pact aligned with the PCI strategy are:\t\t\t\t\t\t\t\t<\/div>\n\t\t\t\t<\/div>\n\t\t\t\t\t<\/div>\n\t\t<\/div>\n\t\t\t\t\t<\/div>\n\t\t<\/section>\n\t\t\t\t<section data-particle_enable=\"false\" data-particle-mobile-disabled=\"false\" class=\"elementor-section elementor-inner-section elementor-element elementor-element-98ec918 elementor-section-boxed elementor-section-height-default elementor-section-height-default\" data-id=\"98ec918\" data-element_type=\"section\" data-e-type=\"section\" data-settings=\"{&quot;ekit_has_onepagescroll_dot&quot;:&quot;yes&quot;}\">\n\t\t\t\t\t\t<div class=\"elementor-container elementor-column-gap-default\">\n\t\t\t\t\t<div class=\"elementor-column elementor-col-33 elementor-inner-column elementor-element elementor-element-e4833af\" data-id=\"e4833af\" data-element_type=\"column\" data-e-type=\"column\" data-settings=\"{&quot;background_background&quot;:&quot;classic&quot;}\">\n\t\t\t<div class=\"elementor-widget-wrap elementor-element-populated\">\n\t\t\t\t\t\t<div class=\"elementor-element elementor-element-22c265e elementor-widget elementor-widget-image\" data-id=\"22c265e\" data-element_type=\"widget\" data-e-type=\"widget\" data-settings=\"{&quot;ekit_we_effect_on&quot;:&quot;none&quot;}\" data-widget_type=\"image.default\">\n\t\t\t\t<div class=\"elementor-widget-container\">\n\t\t\t\t\t\t\t\t\t\t\t\t\t\t\t<img loading=\"lazy\" decoding=\"async\" width=\"550\" height=\"550\" src=\"https:\/\/pcimt.org\/wp-content\/uploads\/2024\/06\/icone-produzir-branco.png\" class=\"attachment-full size-full wp-image-2232\" alt=\"\" srcset=\"https:\/\/pcimt.org\/wp-content\/uploads\/2024\/06\/icone-produzir-branco.png 550w, https:\/\/pcimt.org\/wp-content\/uploads\/2024\/06\/icone-produzir-branco-300x300.png 300w, https:\/\/pcimt.org\/wp-content\/uploads\/2024\/06\/icone-produzir-branco-150x150.png 150w, https:\/\/pcimt.org\/wp-content\/uploads\/2024\/06\/icone-produzir-branco-12x12.png 12w\" sizes=\"(max-width: 550px) 100vw, 550px\" \/>\t\t\t\t\t\t\t\t\t\t\t\t\t\t\t<\/div>\n\t\t\t\t<\/div>\n\t\t\t\t<div class=\"elementor-element elementor-element-e55b3da elementor-widget elementor-widget-text-editor\" data-id=\"e55b3da\" data-element_type=\"widget\" data-e-type=\"widget\" data-settings=\"{&quot;ekit_we_effect_on&quot;:&quot;none&quot;}\" data-widget_type=\"text-editor.default\">\n\t\t\t\t<div class=\"elementor-widget-container\">\n\t\t\t\t\t\t\t\t\tProduce\t\t\t\t\t\t\t\t<\/div>\n\t\t\t\t<\/div>\n\t\t\t\t<div class=\"elementor-element elementor-element-1e260e7 elementor-widget elementor-widget-text-editor\" data-id=\"1e260e7\" data-element_type=\"widget\" data-e-type=\"widget\" data-settings=\"{&quot;ekit_we_effect_on&quot;:&quot;none&quot;}\" data-widget_type=\"text-editor.default\">\n\t\t\t\t<div class=\"elementor-widget-container\">\n\t\t\t\t\t\t\t\t\t<ol><li>Promote the integration of small, medium, and large rural producers into the priority productive chains of the municipality.<\/li><li>Promote the intensification of land use for livestock and agriculture.<\/li><li>Advance in the adoption of integrated crop-livestock systems.<\/li><li>Promote the production of renewable energy through biomass;<\/li><li>Make the municipality a reference in the production and quality of calf production.<\/li><\/ol>\t\t\t\t\t\t\t\t<\/div>\n\t\t\t\t<\/div>\n\t\t\t\t\t<\/div>\n\t\t<\/div>\n\t\t\t\t<div class=\"elementor-column elementor-col-33 elementor-inner-column elementor-element elementor-element-783ec01\" data-id=\"783ec01\" data-element_type=\"column\" data-e-type=\"column\" data-settings=\"{&quot;background_background&quot;:&quot;classic&quot;}\">\n\t\t\t<div class=\"elementor-widget-wrap elementor-element-populated\">\n\t\t\t\t\t\t<div class=\"elementor-element elementor-element-51a0d97 elementor-widget elementor-widget-image\" data-id=\"51a0d97\" data-element_type=\"widget\" data-e-type=\"widget\" data-settings=\"{&quot;ekit_we_effect_on&quot;:&quot;none&quot;}\" data-widget_type=\"image.default\">\n\t\t\t\t<div class=\"elementor-widget-container\">\n\t\t\t\t\t\t\t\t\t\t\t\t\t\t\t<img loading=\"lazy\" decoding=\"async\" width=\"550\" height=\"550\" src=\"https:\/\/pcimt.org\/wp-content\/uploads\/2024\/06\/icone-conservar-branco.png\" class=\"attachment-full size-full wp-image-2230\" alt=\"\" srcset=\"https:\/\/pcimt.org\/wp-content\/uploads\/2024\/06\/icone-conservar-branco.png 550w, https:\/\/pcimt.org\/wp-content\/uploads\/2024\/06\/icone-conservar-branco-300x300.png 300w, https:\/\/pcimt.org\/wp-content\/uploads\/2024\/06\/icone-conservar-branco-150x150.png 150w, https:\/\/pcimt.org\/wp-content\/uploads\/2024\/06\/icone-conservar-branco-12x12.png 12w\" sizes=\"(max-width: 550px) 100vw, 550px\" \/>\t\t\t\t\t\t\t\t\t\t\t\t\t\t\t<\/div>\n\t\t\t\t<\/div>\n\t\t\t\t<div class=\"elementor-element elementor-element-1b06906 elementor-widget elementor-widget-text-editor\" data-id=\"1b06906\" data-element_type=\"widget\" data-e-type=\"widget\" data-settings=\"{&quot;ekit_we_effect_on&quot;:&quot;none&quot;}\" data-widget_type=\"text-editor.default\">\n\t\t\t\t<div class=\"elementor-widget-container\">\n\t\t\t\t\t\t\t\t\tConserve\t\t\t\t\t\t\t\t<\/div>\n\t\t\t\t<\/div>\n\t\t\t\t<div class=\"elementor-element elementor-element-747b900 elementor-widget elementor-widget-text-editor\" data-id=\"747b900\" data-element_type=\"widget\" data-e-type=\"widget\" data-settings=\"{&quot;ekit_we_effect_on&quot;:&quot;none&quot;}\" data-widget_type=\"text-editor.default\">\n\t\t\t\t<div class=\"elementor-widget-container\">\n\t\t\t\t\t\t\t\t\t<ol><li>Fight against illegal deforestation.<\/li><li>Support the implementation of the Rural Environmental Registry (Cadastro Ambiental Rural - CAR) across 100% of the municipality.<\/li><li>Implement the Environmental Regularization Program (Programa de Regulariza\u00e7\u00e3o Ambiental - PRA), including the restoration of liabilities in Permanent Preservation Areas (APP) and Legal Reserves (RL).<\/li><li>Advance in water and soil conservation techniques.<\/li><li>Adopt good agricultural practices (BPA) for rural producers and their families.<\/li><li>Promote Payment for Environmental Services (PES) programs.<\/li><li>Promote environmental sanitation on rural properties in the municipality.<\/li><\/ol>\t\t\t\t\t\t\t\t<\/div>\n\t\t\t\t<\/div>\n\t\t\t\t\t<\/div>\n\t\t<\/div>\n\t\t\t\t<div class=\"elementor-column elementor-col-33 elementor-inner-column elementor-element elementor-element-ad43ef5\" data-id=\"ad43ef5\" data-element_type=\"column\" data-e-type=\"column\" data-settings=\"{&quot;background_background&quot;:&quot;classic&quot;}\">\n\t\t\t<div class=\"elementor-widget-wrap elementor-element-populated\">\n\t\t\t\t\t\t<div class=\"elementor-element elementor-element-6714e7a elementor-widget elementor-widget-image\" data-id=\"6714e7a\" data-element_type=\"widget\" data-e-type=\"widget\" data-settings=\"{&quot;ekit_we_effect_on&quot;:&quot;none&quot;}\" data-widget_type=\"image.default\">\n\t\t\t\t<div class=\"elementor-widget-container\">\n\t\t\t\t\t\t\t\t\t\t\t\t\t\t\t<img loading=\"lazy\" decoding=\"async\" width=\"550\" height=\"550\" src=\"https:\/\/pcimt.org\/wp-content\/uploads\/2024\/06\/icone-incluir-branco.png\" class=\"attachment-full size-full wp-image-2231\" alt=\"\" srcset=\"https:\/\/pcimt.org\/wp-content\/uploads\/2024\/06\/icone-incluir-branco.png 550w, https:\/\/pcimt.org\/wp-content\/uploads\/2024\/06\/icone-incluir-branco-300x300.png 300w, https:\/\/pcimt.org\/wp-content\/uploads\/2024\/06\/icone-incluir-branco-150x150.png 150w, https:\/\/pcimt.org\/wp-content\/uploads\/2024\/06\/icone-incluir-branco-12x12.png 12w\" sizes=\"(max-width: 550px) 100vw, 550px\" \/>\t\t\t\t\t\t\t\t\t\t\t\t\t\t\t<\/div>\n\t\t\t\t<\/div>\n\t\t\t\t<div class=\"elementor-element elementor-element-7ab0ef6 elementor-widget elementor-widget-text-editor\" data-id=\"7ab0ef6\" data-element_type=\"widget\" data-e-type=\"widget\" data-settings=\"{&quot;ekit_we_effect_on&quot;:&quot;none&quot;}\" data-widget_type=\"text-editor.default\">\n\t\t\t\t<div class=\"elementor-widget-container\">\n\t\t\t\t\t\t\t\t\tInclude\t\t\t\t\t\t\t\t<\/div>\n\t\t\t\t<\/div>\n\t\t\t\t<div class=\"elementor-element elementor-element-a0b2bf8 elementor-widget elementor-widget-text-editor\" data-id=\"a0b2bf8\" data-element_type=\"widget\" data-e-type=\"widget\" data-settings=\"{&quot;ekit_we_effect_on&quot;:&quot;none&quot;}\" data-widget_type=\"text-editor.default\">\n\t\t\t\t<div class=\"elementor-widget-container\">\n\t\t\t\t\t\t\t\t\t<ol><li>Increase technical assistance and rural extension services (ATER) in settlements, small farms, and indigenous lands, focusing on production chains such as beekeeping, vegetable farming, dairy farming, pig farming, goat and sheep farming, fruit growing, aquaculture (both commercial and artisanal), as well as organic production.<\/li><li>Increase the environmental regularization and adequacy of rural properties in partnership with competent authorities.<\/li><li>Increase operational, strategic, commercial, and professional support for rural properties and family farmers.<\/li><\/ol>\t\t\t\t\t\t\t\t<\/div>\n\t\t\t\t<\/div>\n\t\t\t\t\t<\/div>\n\t\t<\/div>\n\t\t\t\t\t<\/div>\n\t\t<\/section>\n\t\t\t\t\t<\/div>\n\t\t<\/div>\n\t\t\t\t\t<\/div>\n\t\t<\/section>\n\t\t\t\t<section data-particle_enable=\"false\" data-particle-mobile-disabled=\"false\" class=\"elementor-section elementor-top-section elementor-element elementor-element-ff24bfa elementor-section-boxed elementor-section-height-default elementor-section-height-default\" data-id=\"ff24bfa\" data-element_type=\"section\" data-e-type=\"section\" data-settings=\"{&quot;ekit_has_onepagescroll_dot&quot;:&quot;yes&quot;}\">\n\t\t\t\t\t\t<div class=\"elementor-container elementor-column-gap-default\">\n\t\t\t\t\t<div class=\"elementor-column elementor-col-100 elementor-top-column elementor-element elementor-element-3151b92\" data-id=\"3151b92\" data-element_type=\"column\" data-e-type=\"column\">\n\t\t\t<div class=\"elementor-widget-wrap elementor-element-populated\">\n\t\t\t\t\t\t<div class=\"elementor-element elementor-element-48de69b elementor-widget__width-auto elementor-widget elementor-widget-image\" data-id=\"48de69b\" data-element_type=\"widget\" data-e-type=\"widget\" data-settings=\"{&quot;ekit_we_effect_on&quot;:&quot;none&quot;}\" data-widget_type=\"image.default\">\n\t\t\t\t<div class=\"elementor-widget-container\">\n\t\t\t\t\t\t\t\t\t\t\t\t\t\t\t<img decoding=\"async\" width=\"12\" height=\"22\" src=\"https:\/\/pcimt.org\/wp-content\/uploads\/2024\/06\/pci-image-05.webp\" class=\"attachment-full size-full wp-image-1200\" alt=\"\" srcset=\"https:\/\/pcimt.org\/wp-content\/uploads\/2024\/06\/pci-image-05.webp 12w, https:\/\/pcimt.org\/wp-content\/uploads\/2024\/06\/pci-image-05-7x12.webp 7w\" sizes=\"(max-width: 12px) 100vw, 12px\" \/>\t\t\t\t\t\t\t\t\t\t\t\t\t\t\t<\/div>\n\t\t\t\t<\/div>\n\t\t\t\t<div class=\"elementor-element elementor-element-a95b468 elementor-widget__width-auto elementor-widget elementor-widget-heading\" data-id=\"a95b468\" data-element_type=\"widget\" data-e-type=\"widget\" data-settings=\"{&quot;ekit_we_effect_on&quot;:&quot;none&quot;}\" data-widget_type=\"heading.default\">\n\t\t\t\t<div class=\"elementor-widget-container\">\n\t\t\t\t\t<div class=\"elementor-heading-title elementor-size-default\">PCI Regionalization<\/div>\t\t\t\t<\/div>\n\t\t\t\t<\/div>\n\t\t\t\t<section data-particle_enable=\"false\" data-particle-mobile-disabled=\"false\" class=\"elementor-section elementor-inner-section elementor-element elementor-element-d74fc26 elementor-section-boxed elementor-section-height-default elementor-section-height-default\" data-id=\"d74fc26\" data-element_type=\"section\" data-e-type=\"section\" data-settings=\"{&quot;ekit_has_onepagescroll_dot&quot;:&quot;yes&quot;}\">\n\t\t\t\t\t\t<div class=\"elementor-container elementor-column-gap-default\">\n\t\t\t\t\t<div class=\"elementor-column elementor-col-100 elementor-inner-column elementor-element elementor-element-802897f\" data-id=\"802897f\" data-element_type=\"column\" data-e-type=\"column\">\n\t\t\t<div class=\"elementor-widget-wrap elementor-element-populated\">\n\t\t\t\t\t\t<div class=\"elementor-element elementor-element-a8e1ddf elementor-widget elementor-widget-heading\" data-id=\"a8e1ddf\" data-element_type=\"widget\" data-e-type=\"widget\" data-settings=\"{&quot;ekit_we_effect_on&quot;:&quot;none&quot;}\" data-widget_type=\"heading.default\">\n\t\t\t\t<div class=\"elementor-widget-container\">\n\t\t\t\t\t<div class=\"elementor-heading-title elementor-size-default\">COMMITMENT<\/div>\t\t\t\t<\/div>\n\t\t\t\t<\/div>\n\t\t\t\t<div class=\"elementor-element elementor-element-83f2f95 elementor-widget elementor-widget-text-editor\" data-id=\"83f2f95\" data-element_type=\"widget\" data-e-type=\"widget\" data-settings=\"{&quot;ekit_we_effect_on&quot;:&quot;none&quot;}\" data-widget_type=\"text-editor.default\">\n\t\t\t\t<div class=\"elementor-widget-container\">\n\t\t\t\t\t\t\t\t\t<p>Em 2019, through the Municipality of Barra do Gar\u00e7as in collaboration with PCI, IDH, JBS, and private sector trade associations, a <a href=\"https:\/\/pcimt.org\/\/wp-content\/uploads\/2024\/06\/PCIBarradoGaras_MoUenglish.pdf\" target=\"_blank\" rel=\"noopener\"><span style=\"text-decoration: underline;\">Memorandum of Understanding<\/span><\/a> aiming to establish cooperation and undertake necessary efforts to promote sustainable economic development through the PCI strategy in the Municipality of Barra do Gar\u00e7as. The agreement is for five years and is scheduled to last until 2024.<\/p>\t\t\t\t\t\t\t\t<\/div>\n\t\t\t\t<\/div>\n\t\t\t\t\t<\/div>\n\t\t<\/div>\n\t\t\t\t\t<\/div>\n\t\t<\/section>\n\t\t\t\t\t<\/div>\n\t\t<\/div>\n\t\t\t\t\t<\/div>\n\t\t<\/section>\n\t\t\t\t<\/div>","protected":false},"excerpt":{"rendered":"<p>Regionaliza\u00e7\u00e3o Pacto PCI Barra do Gar\u00e7as Barra do Gar\u00e7as \u00e9 um munic\u00edpio localizado na Regi\u00e3o Centro-Oeste de Mato Grosso, com uma \u00e1rea de 9.078,983 km\u00b2 e 61.135 habitantes. O Pacto Regional Barra do Gar\u00e7as atua como parte do programa Pactos Regionais do IDH e alinhado \u00e0 estrat\u00e9gia do PCI. As principais cadeias produtivas da regi\u00e3o [&hellip;]<\/p>\n","protected":false},"author":1,"featured_media":0,"parent":766,"menu_order":0,"comment_status":"closed","ping_status":"closed","template":"elementor_header_footer","meta":{"ocean_post_layout":"","ocean_both_sidebars_style":"","ocean_both_sidebars_content_width":0,"ocean_both_sidebars_sidebars_width":0,"ocean_sidebar":"","ocean_second_sidebar":"","ocean_disable_margins":"enable","ocean_add_body_class":"","ocean_shortcode_before_top_bar":"","ocean_shortcode_after_top_bar":"","ocean_shortcode_before_header":"","ocean_shortcode_after_header":"","ocean_has_shortcode":"","ocean_shortcode_after_title":"","ocean_shortcode_before_footer_widgets":"","ocean_shortcode_after_footer_widgets":"","ocean_shortcode_before_footer_bottom":"","ocean_shortcode_after_footer_bottom":"","ocean_display_top_bar":"default","ocean_display_header":"default","ocean_header_style":"","ocean_center_header_left_menu":"","ocean_custom_header_template":"","ocean_custom_logo":0,"ocean_custom_retina_logo":0,"ocean_custom_logo_max_width":0,"ocean_custom_logo_tablet_max_width":0,"ocean_custom_logo_mobile_max_width":0,"ocean_custom_logo_max_height":0,"ocean_custom_logo_tablet_max_height":0,"ocean_custom_logo_mobile_max_height":0,"ocean_header_custom_menu":"","ocean_menu_typo_font_family":"","ocean_menu_typo_font_subset":"","ocean_menu_typo_font_size":0,"ocean_menu_typo_font_size_tablet":0,"ocean_menu_typo_font_size_mobile":0,"ocean_menu_typo_font_size_unit":"px","ocean_menu_typo_font_weight":"","ocean_menu_typo_font_weight_tablet":"","ocean_menu_typo_font_weight_mobile":"","ocean_menu_typo_transform":"","ocean_menu_typo_transform_tablet":"","ocean_menu_typo_transform_mobile":"","ocean_menu_typo_line_height":0,"ocean_menu_typo_line_height_tablet":0,"ocean_menu_typo_line_height_mobile":0,"ocean_menu_typo_line_height_unit":"","ocean_menu_typo_spacing":0,"ocean_menu_typo_spacing_tablet":0,"ocean_menu_typo_spacing_mobile":0,"ocean_menu_typo_spacing_unit":"","ocean_menu_link_color":"","ocean_menu_link_color_hover":"","ocean_menu_link_color_active":"","ocean_menu_link_background":"","ocean_menu_link_hover_background":"","ocean_menu_link_active_background":"","ocean_menu_social_links_bg":"","ocean_menu_social_hover_links_bg":"","ocean_menu_social_links_color":"","ocean_menu_social_hover_links_color":"","ocean_disable_title":"on","ocean_disable_heading":"default","ocean_post_title":"","ocean_post_subheading":"","ocean_post_title_style":"","ocean_post_title_background_color":"","ocean_post_title_background":0,"ocean_post_title_bg_image_position":"","ocean_post_title_bg_image_attachment":"","ocean_post_title_bg_image_repeat":"","ocean_post_title_bg_image_size":"","ocean_post_title_height":0,"ocean_post_title_bg_overlay":0.5,"ocean_post_title_bg_overlay_color":"","ocean_disable_breadcrumbs":"default","ocean_breadcrumbs_color":"","ocean_breadcrumbs_separator_color":"","ocean_breadcrumbs_links_color":"","ocean_breadcrumbs_links_hover_color":"","ocean_display_footer_widgets":"default","ocean_display_footer_bottom":"default","ocean_custom_footer_template":"","footnotes":""},"class_list":["post-2789","page","type-page","status-publish","hentry","entry"],"yoast_head":"<!-- This site is optimized with the Yoast SEO plugin v27.1.1 - https:\/\/yoast.com\/product\/yoast-seo-wordpress\/ -->\n<title>Pacto Regional de Barra do Gar\u00e7as - PCI<\/title>\n<meta name=\"robots\" content=\"index, follow, max-snippet:-1, max-image-preview:large, max-video-preview:-1\" \/>\n<link rel=\"canonical\" href=\"https:\/\/pcimt.org\/en\/regionalizacao\/pactos-regional-de-barra-do-garcas\/\" \/>\n<meta property=\"og:locale\" content=\"en_US\" \/>\n<meta property=\"og:type\" content=\"article\" \/>\n<meta property=\"og:title\" content=\"Pacto Regional de Barra do Gar\u00e7as - PCI\" \/>\n<meta property=\"og:description\" content=\"Regionaliza\u00e7\u00e3o Pacto PCI Barra do Gar\u00e7as Barra do Gar\u00e7as \u00e9 um munic\u00edpio localizado na Regi\u00e3o Centro-Oeste de Mato Grosso, com uma \u00e1rea de 9.078,983 km\u00b2 e 61.135 habitantes. O Pacto Regional Barra do Gar\u00e7as atua como parte do programa Pactos Regionais do IDH e alinhado \u00e0 estrat\u00e9gia do PCI. As principais cadeias produtivas da regi\u00e3o [&hellip;]\" \/>\n<meta property=\"og:url\" content=\"https:\/\/pcimt.org\/en\/regionalizacao\/pactos-regional-de-barra-do-garcas\/\" \/>\n<meta property=\"og:site_name\" content=\"PCI\" \/>\n<meta property=\"article:modified_time\" content=\"2025-02-25T16:42:57+00:00\" \/>\n<meta property=\"og:image\" content=\"http:\/\/pcimt.org\/wp-content\/uploads\/2024\/06\/pci-image-05.webp\" \/>\n<meta name=\"twitter:card\" content=\"summary_large_image\" \/>\n<meta name=\"twitter:label1\" content=\"Est. reading time\" \/>\n\t<meta name=\"twitter:data1\" content=\"4 minutes\" \/>\n<script type=\"application\/ld+json\" class=\"yoast-schema-graph\">{\"@context\":\"https:\/\/schema.org\",\"@graph\":[{\"@type\":\"WebPage\",\"@id\":\"https:\/\/pcimt.org\/en\/regionalizacao\/pactos-regional-de-barra-do-garcas\/\",\"url\":\"https:\/\/pcimt.org\/en\/regionalizacao\/pactos-regional-de-barra-do-garcas\/\",\"name\":\"Pacto Regional de Barra do Gar\u00e7as - PCI\",\"isPartOf\":{\"@id\":\"http:\/\/pcimt.org\/#website\"},\"primaryImageOfPage\":{\"@id\":\"https:\/\/pcimt.org\/en\/regionalizacao\/pactos-regional-de-barra-do-garcas\/#primaryimage\"},\"image\":{\"@id\":\"https:\/\/pcimt.org\/en\/regionalizacao\/pactos-regional-de-barra-do-garcas\/#primaryimage\"},\"thumbnailUrl\":\"http:\/\/pcimt.org\/wp-content\/uploads\/2024\/06\/pci-image-05.webp\",\"datePublished\":\"2024-06-19T09:36:18+00:00\",\"dateModified\":\"2025-02-25T16:42:57+00:00\",\"breadcrumb\":{\"@id\":\"https:\/\/pcimt.org\/en\/regionalizacao\/pactos-regional-de-barra-do-garcas\/#breadcrumb\"},\"inLanguage\":\"en-US\",\"potentialAction\":[{\"@type\":\"ReadAction\",\"target\":[\"https:\/\/pcimt.org\/en\/regionalizacao\/pactos-regional-de-barra-do-garcas\/\"]}]},{\"@type\":\"ImageObject\",\"inLanguage\":\"en-US\",\"@id\":\"https:\/\/pcimt.org\/en\/regionalizacao\/pactos-regional-de-barra-do-garcas\/#primaryimage\",\"url\":\"http:\/\/pcimt.org\/wp-content\/uploads\/2024\/06\/pci-image-05.webp\",\"contentUrl\":\"http:\/\/pcimt.org\/wp-content\/uploads\/2024\/06\/pci-image-05.webp\"},{\"@type\":\"BreadcrumbList\",\"@id\":\"https:\/\/pcimt.org\/en\/regionalizacao\/pactos-regional-de-barra-do-garcas\/#breadcrumb\",\"itemListElement\":[{\"@type\":\"ListItem\",\"position\":1,\"name\":\"In\u00edcio\",\"item\":\"https:\/\/pcimt.org\/\"},{\"@type\":\"ListItem\",\"position\":2,\"name\":\"Regionaliza\u00e7\u00e3o\",\"item\":\"https:\/\/pcimt.org\/en\/regionalizacao\/\"},{\"@type\":\"ListItem\",\"position\":3,\"name\":\"Pacto Regional de Barra do Gar\u00e7as\"}]},{\"@type\":\"WebSite\",\"@id\":\"http:\/\/pcimt.org\/#website\",\"url\":\"http:\/\/pcimt.org\/\",\"name\":\"PCI\",\"description\":\"Produzir, Conservar e Incluir\",\"potentialAction\":[{\"@type\":\"SearchAction\",\"target\":{\"@type\":\"EntryPoint\",\"urlTemplate\":\"http:\/\/pcimt.org\/?s={search_term_string}\"},\"query-input\":{\"@type\":\"PropertyValueSpecification\",\"valueRequired\":true,\"valueName\":\"search_term_string\"}}],\"inLanguage\":\"en-US\"}]}<\/script>\n<!-- \/ Yoast SEO plugin. -->","yoast_head_json":{"title":"Pacto Regional de Barra do Gar\u00e7as - PCI","robots":{"index":"index","follow":"follow","max-snippet":"max-snippet:-1","max-image-preview":"max-image-preview:large","max-video-preview":"max-video-preview:-1"},"canonical":"https:\/\/pcimt.org\/en\/regionalizacao\/pactos-regional-de-barra-do-garcas\/","og_locale":"en_US","og_type":"article","og_title":"Pacto Regional de Barra do Gar\u00e7as - PCI","og_description":"Regionaliza\u00e7\u00e3o Pacto PCI Barra do Gar\u00e7as Barra do Gar\u00e7as \u00e9 um munic\u00edpio localizado na Regi\u00e3o Centro-Oeste de Mato Grosso, com uma \u00e1rea de 9.078,983 km\u00b2 e 61.135 habitantes. O Pacto Regional Barra do Gar\u00e7as atua como parte do programa Pactos Regionais do IDH e alinhado \u00e0 estrat\u00e9gia do PCI. As principais cadeias produtivas da regi\u00e3o [&hellip;]","og_url":"https:\/\/pcimt.org\/en\/regionalizacao\/pactos-regional-de-barra-do-garcas\/","og_site_name":"PCI","article_modified_time":"2025-02-25T16:42:57+00:00","og_image":[{"url":"http:\/\/pcimt.org\/wp-content\/uploads\/2024\/06\/pci-image-05.webp","type":"","width":"","height":""}],"twitter_card":"summary_large_image","twitter_misc":{"Est. reading time":"4 minutes"},"schema":{"@context":"https:\/\/schema.org","@graph":[{"@type":"WebPage","@id":"https:\/\/pcimt.org\/en\/regionalizacao\/pactos-regional-de-barra-do-garcas\/","url":"https:\/\/pcimt.org\/en\/regionalizacao\/pactos-regional-de-barra-do-garcas\/","name":"Pacto Regional de Barra do Gar\u00e7as - PCI","isPartOf":{"@id":"http:\/\/pcimt.org\/#website"},"primaryImageOfPage":{"@id":"https:\/\/pcimt.org\/en\/regionalizacao\/pactos-regional-de-barra-do-garcas\/#primaryimage"},"image":{"@id":"https:\/\/pcimt.org\/en\/regionalizacao\/pactos-regional-de-barra-do-garcas\/#primaryimage"},"thumbnailUrl":"http:\/\/pcimt.org\/wp-content\/uploads\/2024\/06\/pci-image-05.webp","datePublished":"2024-06-19T09:36:18+00:00","dateModified":"2025-02-25T16:42:57+00:00","breadcrumb":{"@id":"https:\/\/pcimt.org\/en\/regionalizacao\/pactos-regional-de-barra-do-garcas\/#breadcrumb"},"inLanguage":"en-US","potentialAction":[{"@type":"ReadAction","target":["https:\/\/pcimt.org\/en\/regionalizacao\/pactos-regional-de-barra-do-garcas\/"]}]},{"@type":"ImageObject","inLanguage":"en-US","@id":"https:\/\/pcimt.org\/en\/regionalizacao\/pactos-regional-de-barra-do-garcas\/#primaryimage","url":"http:\/\/pcimt.org\/wp-content\/uploads\/2024\/06\/pci-image-05.webp","contentUrl":"http:\/\/pcimt.org\/wp-content\/uploads\/2024\/06\/pci-image-05.webp"},{"@type":"BreadcrumbList","@id":"https:\/\/pcimt.org\/en\/regionalizacao\/pactos-regional-de-barra-do-garcas\/#breadcrumb","itemListElement":[{"@type":"ListItem","position":1,"name":"In\u00edcio","item":"https:\/\/pcimt.org\/"},{"@type":"ListItem","position":2,"name":"Regionaliza\u00e7\u00e3o","item":"https:\/\/pcimt.org\/en\/regionalizacao\/"},{"@type":"ListItem","position":3,"name":"Pacto Regional de Barra do Gar\u00e7as"}]},{"@type":"WebSite","@id":"http:\/\/pcimt.org\/#website","url":"http:\/\/pcimt.org\/","name":"The PCI","description":"Produce, Conserve and Include","potentialAction":[{"@type":"SearchAction","target":{"@type":"EntryPoint","urlTemplate":"http:\/\/pcimt.org\/?s={search_term_string}"},"query-input":{"@type":"PropertyValueSpecification","valueRequired":true,"valueName":"search_term_string"}}],"inLanguage":"en-US"}]}},"_links":{"self":[{"href":"https:\/\/pcimt.org\/en\/wp-json\/wp\/v2\/pages\/2789","targetHints":{"allow":["GET"]}}],"collection":[{"href":"https:\/\/pcimt.org\/en\/wp-json\/wp\/v2\/pages"}],"about":[{"href":"https:\/\/pcimt.org\/en\/wp-json\/wp\/v2\/types\/page"}],"author":[{"embeddable":true,"href":"https:\/\/pcimt.org\/en\/wp-json\/wp\/v2\/users\/1"}],"replies":[{"embeddable":true,"href":"https:\/\/pcimt.org\/en\/wp-json\/wp\/v2\/comments?post=2789"}],"version-history":[{"count":29,"href":"https:\/\/pcimt.org\/en\/wp-json\/wp\/v2\/pages\/2789\/revisions"}],"predecessor-version":[{"id":3569,"href":"https:\/\/pcimt.org\/en\/wp-json\/wp\/v2\/pages\/2789\/revisions\/3569"}],"up":[{"embeddable":true,"href":"https:\/\/pcimt.org\/en\/wp-json\/wp\/v2\/pages\/766"}],"wp:attachment":[{"href":"https:\/\/pcimt.org\/en\/wp-json\/wp\/v2\/media?parent=2789"}],"curies":[{"name":"wp","href":"https:\/\/api.w.org\/{rel}","templated":true}]}}