{"id":2785,"date":"2024-06-19T06:35:25","date_gmt":"2024-06-19T09:35:25","guid":{"rendered":"https:\/\/pcimt.org\/?page_id=2785"},"modified":"2025-02-25T14:47:08","modified_gmt":"2025-02-25T17:47:08","slug":"pacto-regional-do-vale-do-juruena","status":"publish","type":"page","link":"https:\/\/pcimt.org\/en\/regionalizacao\/pacto-regional-do-vale-do-juruena\/","title":{"rendered":"Regional Compact - Vale do Juruena"},"content":{"rendered":"<div data-elementor-type=\"wp-page\" data-elementor-id=\"2785\" class=\"elementor elementor-2785\" data-elementor-post-type=\"page\">\n\t\t\t\t\t\t<section data-particle_enable=\"false\" data-particle-mobile-disabled=\"false\" class=\"elementor-section elementor-top-section elementor-element elementor-element-e3cdb86 elementor-section-boxed elementor-section-height-default elementor-section-height-default\" data-id=\"e3cdb86\" data-element_type=\"section\" data-e-type=\"section\" data-settings=\"{&quot;background_background&quot;:&quot;classic&quot;,&quot;ekit_has_onepagescroll_dot&quot;:&quot;yes&quot;}\">\n\t\t\t\t\t\t\t<div class=\"elementor-background-overlay\"><\/div>\n\t\t\t\t\t\t\t<div class=\"elementor-container elementor-column-gap-default\">\n\t\t\t\t\t<div class=\"elementor-column elementor-col-100 elementor-top-column elementor-element elementor-element-7f0a09e\" data-id=\"7f0a09e\" data-element_type=\"column\" data-e-type=\"column\">\n\t\t\t<div class=\"elementor-widget-wrap elementor-element-populated\">\n\t\t\t\t\t\t<div class=\"elementor-element elementor-element-15c8d71 elementor-widget elementor-widget-heading\" data-id=\"15c8d71\" data-element_type=\"widget\" data-e-type=\"widget\" data-settings=\"{&quot;ekit_we_effect_on&quot;:&quot;none&quot;}\" data-widget_type=\"heading.default\">\n\t\t\t\t<div class=\"elementor-widget-container\">\n\t\t\t\t\t<h1 class=\"elementor-heading-title elementor-size-default\">Regional Compact - Vale do Juruena<\/h1>\t\t\t\t<\/div>\n\t\t\t\t<\/div>\n\t\t\t\t\t<\/div>\n\t\t<\/div>\n\t\t\t\t\t<\/div>\n\t\t<\/section>\n\t\t\t\t<section data-particle_enable=\"false\" data-particle-mobile-disabled=\"false\" class=\"elementor-section elementor-top-section elementor-element elementor-element-ae63563 elementor-section-boxed elementor-section-height-default elementor-section-height-default\" data-id=\"ae63563\" data-element_type=\"section\" data-e-type=\"section\" data-settings=\"{&quot;background_background&quot;:&quot;classic&quot;,&quot;ekit_has_onepagescroll_dot&quot;:&quot;yes&quot;}\">\n\t\t\t\t\t\t<div class=\"elementor-container elementor-column-gap-default\">\n\t\t\t\t\t<div class=\"elementor-column elementor-col-100 elementor-top-column elementor-element elementor-element-e7311bb\" data-id=\"e7311bb\" data-element_type=\"column\" data-e-type=\"column\">\n\t\t\t<div class=\"elementor-widget-wrap elementor-element-populated\">\n\t\t\t\t\t\t<div class=\"elementor-element elementor-element-f592157 elementor-widget__width-auto elementor-widget elementor-widget-image\" data-id=\"f592157\" data-element_type=\"widget\" data-e-type=\"widget\" data-settings=\"{&quot;ekit_we_effect_on&quot;:&quot;none&quot;}\" data-widget_type=\"image.default\">\n\t\t\t\t<div class=\"elementor-widget-container\">\n\t\t\t\t\t\t\t\t\t\t\t\t\t\t\t<img decoding=\"async\" width=\"24\" height=\"24\" src=\"https:\/\/pcimt.org\/wp-content\/uploads\/2024\/06\/icon-pci.webp\" class=\"attachment-full size-full wp-image-1194\" alt=\"\" srcset=\"https:\/\/pcimt.org\/wp-content\/uploads\/2024\/06\/icon-pci.webp 24w, https:\/\/pcimt.org\/wp-content\/uploads\/2024\/06\/icon-pci-12x12.webp 12w\" sizes=\"(max-width: 24px) 100vw, 24px\" \/>\t\t\t\t\t\t\t\t\t\t\t\t\t\t\t<\/div>\n\t\t\t\t<\/div>\n\t\t\t\t<div class=\"elementor-element elementor-element-ea0e27f elementor-widget__width-auto elementor-widget elementor-widget-heading\" data-id=\"ea0e27f\" data-element_type=\"widget\" data-e-type=\"widget\" data-settings=\"{&quot;ekit_we_effect_on&quot;:&quot;none&quot;}\" data-widget_type=\"heading.default\">\n\t\t\t\t<div class=\"elementor-widget-container\">\n\t\t\t\t\t<div class=\"elementor-heading-title elementor-size-default\">Regionalization<\/div>\t\t\t\t<\/div>\n\t\t\t\t<\/div>\n\t\t\t\t<section data-particle_enable=\"false\" data-particle-mobile-disabled=\"false\" class=\"elementor-section elementor-inner-section elementor-element elementor-element-4fddfaa elementor-section-boxed elementor-section-height-default elementor-section-height-default\" data-id=\"4fddfaa\" data-element_type=\"section\" data-e-type=\"section\" data-settings=\"{&quot;ekit_has_onepagescroll_dot&quot;:&quot;yes&quot;}\">\n\t\t\t\t\t\t<div class=\"elementor-container elementor-column-gap-default\">\n\t\t\t\t\t<div class=\"elementor-column elementor-col-50 elementor-inner-column elementor-element elementor-element-64377d8\" data-id=\"64377d8\" data-element_type=\"column\" data-e-type=\"column\">\n\t\t\t<div class=\"elementor-widget-wrap elementor-element-populated\">\n\t\t\t\t\t\t<div class=\"elementor-element elementor-element-8ff97b4 elementor-widget elementor-widget-heading\" data-id=\"8ff97b4\" data-element_type=\"widget\" data-e-type=\"widget\" data-settings=\"{&quot;ekit_we_effect_on&quot;:&quot;none&quot;}\" data-widget_type=\"heading.default\">\n\t\t\t\t<div class=\"elementor-widget-container\">\n\t\t\t\t\t<div class=\"elementor-heading-title elementor-size-default\">PCI Pact Vale do Juruena<\/div>\t\t\t\t<\/div>\n\t\t\t\t<\/div>\n\t\t\t\t<div class=\"elementor-element elementor-element-ea61c40 elementor-widget elementor-widget-text-editor\" data-id=\"ea61c40\" data-element_type=\"widget\" data-e-type=\"widget\" data-settings=\"{&quot;ekit_we_effect_on&quot;:&quot;none&quot;}\" data-widget_type=\"text-editor.default\">\n\t\t\t\t<div class=\"elementor-widget-container\">\n\t\t\t\t\t\t\t\t\t<p>Juruena is a municipality located in the North-West Region of Mato Grosso, totaling an area of \u200b\u200b3,190,476 km\u00b2 and a population of 14,913 inhabitants. Contrigua\u00e7\u00fa is a municipality located in the North-West Region of Mato Grosso, with an area of \u200b\u200b9,123,582 km\u00b2 and a population of 19,254 inhabitants. The Juruena Valley Regional Pact operates in both municipalities as part of the IDH Regional Pacts program and aligned with the PCI strategy. In December 2024, the municipality of Ju\u00edna became part of the Juruena Valley PCI Pact through an articulation between the IDH and the local city hall. The main production supply chains in the region are livestock, timber and products from family farming and non-timber forest products.<\/p>\t\t\t\t\t\t\t\t<\/div>\n\t\t\t\t<\/div>\n\t\t\t\t<div class=\"elementor-element elementor-element-7b61767 elementor-widget elementor-widget-image\" data-id=\"7b61767\" data-element_type=\"widget\" data-e-type=\"widget\" data-settings=\"{&quot;ekit_we_effect_on&quot;:&quot;none&quot;}\" data-widget_type=\"image.default\">\n\t\t\t\t<div class=\"elementor-widget-container\">\n\t\t\t\t\t\t\t\t\t\t\t\t\t\t\t<img fetchpriority=\"high\" decoding=\"async\" width=\"700\" height=\"525\" src=\"https:\/\/pcimt.org\/wp-content\/uploads\/2024\/06\/agricultura-familiar.webp\" class=\"attachment-full size-full wp-image-2974\" alt=\"\" srcset=\"https:\/\/pcimt.org\/wp-content\/uploads\/2024\/06\/agricultura-familiar.webp 700w, https:\/\/pcimt.org\/wp-content\/uploads\/2024\/06\/agricultura-familiar-300x225.webp 300w, https:\/\/pcimt.org\/wp-content\/uploads\/2024\/06\/agricultura-familiar-16x12.webp 16w\" sizes=\"(max-width: 700px) 100vw, 700px\" \/>\t\t\t\t\t\t\t\t\t\t\t\t\t\t\t<\/div>\n\t\t\t\t<\/div>\n\t\t\t\t\t<\/div>\n\t\t<\/div>\n\t\t\t\t<div class=\"elementor-column elementor-col-50 elementor-inner-column elementor-element elementor-element-0a13c4d\" data-id=\"0a13c4d\" data-element_type=\"column\" data-e-type=\"column\">\n\t\t\t<div class=\"elementor-widget-wrap elementor-element-populated\">\n\t\t\t\t\t\t<div class=\"elementor-element elementor-element-17b54fe elementor-widget elementor-widget-image\" data-id=\"17b54fe\" data-element_type=\"widget\" data-e-type=\"widget\" data-settings=\"{&quot;ekit_we_effect_on&quot;:&quot;none&quot;}\" data-widget_type=\"image.default\">\n\t\t\t\t<div class=\"elementor-widget-container\">\n\t\t\t\t\t\t\t\t\t\t\t\t\t\t\t<img decoding=\"async\" width=\"730\" height=\"502\" src=\"https:\/\/pcimt.org\/wp-content\/uploads\/2024\/06\/gado-mt.webp\" class=\"attachment-full size-full wp-image-2975\" alt=\"\" srcset=\"https:\/\/pcimt.org\/wp-content\/uploads\/2024\/06\/gado-mt.webp 730w, https:\/\/pcimt.org\/wp-content\/uploads\/2024\/06\/gado-mt-300x206.webp 300w, https:\/\/pcimt.org\/wp-content\/uploads\/2024\/06\/gado-mt-18x12.webp 18w\" sizes=\"(max-width: 730px) 100vw, 730px\" \/>\t\t\t\t\t\t\t\t\t\t\t\t\t\t\t<\/div>\n\t\t\t\t<\/div>\n\t\t\t\t<div class=\"elementor-element elementor-element-9290451 elementor-widget elementor-widget-image\" data-id=\"9290451\" data-element_type=\"widget\" data-e-type=\"widget\" data-settings=\"{&quot;ekit_we_effect_on&quot;:&quot;none&quot;}\" data-widget_type=\"image.default\">\n\t\t\t\t<div class=\"elementor-widget-container\">\n\t\t\t\t\t\t\t\t\t\t\t\t\t\t\t<img loading=\"lazy\" decoding=\"async\" width=\"1024\" height=\"682\" src=\"https:\/\/pcimt.org\/wp-content\/uploads\/2024\/06\/madeireira.webp\" class=\"attachment-full size-full wp-image-2976\" alt=\"\" srcset=\"https:\/\/pcimt.org\/wp-content\/uploads\/2024\/06\/madeireira.webp 1024w, https:\/\/pcimt.org\/wp-content\/uploads\/2024\/06\/madeireira-300x200.webp 300w, https:\/\/pcimt.org\/wp-content\/uploads\/2024\/06\/madeireira-768x512.webp 768w, https:\/\/pcimt.org\/wp-content\/uploads\/2024\/06\/madeireira-18x12.webp 18w\" sizes=\"(max-width: 1024px) 100vw, 1024px\" \/>\t\t\t\t\t\t\t\t\t\t\t\t\t\t\t<\/div>\n\t\t\t\t<\/div>\n\t\t\t\t\t<\/div>\n\t\t<\/div>\n\t\t\t\t\t<\/div>\n\t\t<\/section>\n\t\t\t\t<div class=\"elementor-element elementor-element-e3c9a3f elementor-align-center elementor-widget elementor-widget-button\" data-id=\"e3c9a3f\" data-element_type=\"widget\" data-e-type=\"widget\" data-settings=\"{&quot;ekit_we_effect_on&quot;:&quot;none&quot;}\" data-widget_type=\"button.default\">\n\t\t\t\t<div class=\"elementor-widget-container\">\n\t\t\t\t\t\t\t\t\t<div class=\"elementor-button-wrapper\">\n\t\t\t\t\t<a class=\"elementor-button elementor-button-link elementor-size-sm\" href=\"https:\/\/pcimt.org\/en\/comunicacao-publicac\/balancos-de-metas-de-juruena-e-cotriguacu\/balancodasmetaspcivaledojuruenaportugus\/\" target=\"_blank\">\n\t\t\t\t\t\t<span class=\"elementor-button-content-wrapper\">\n\t\t\t\t\t\t<span class=\"elementor-button-icon\">\n\t\t\t\t<i aria-hidden=\"true\" class=\"icon icon-finance-book\"><\/i>\t\t\t<\/span>\n\t\t\t\t\t\t\t\t\t<span class=\"elementor-button-text\">Balance of Goals<\/span>\n\t\t\t\t\t<\/span>\n\t\t\t\t\t<\/a>\n\t\t\t\t<\/div>\n\t\t\t\t\t\t\t\t<\/div>\n\t\t\t\t<\/div>\n\t\t\t\t\t<\/div>\n\t\t<\/div>\n\t\t\t\t\t<\/div>\n\t\t<\/section>\n\t\t\t\t<section data-particle_enable=\"false\" data-particle-mobile-disabled=\"false\" class=\"elementor-section elementor-top-section elementor-element elementor-element-59a8124 elementor-hidden-desktop elementor-hidden-tablet elementor-hidden-mobile elementor-section-boxed elementor-section-height-default elementor-section-height-default\" data-id=\"59a8124\" data-element_type=\"section\" data-e-type=\"section\" data-settings=\"{&quot;background_background&quot;:&quot;classic&quot;,&quot;ekit_has_onepagescroll_dot&quot;:&quot;yes&quot;}\">\n\t\t\t\t\t\t<div class=\"elementor-container elementor-column-gap-default\">\n\t\t\t\t\t<div class=\"elementor-column elementor-col-100 elementor-top-column elementor-element elementor-element-fcab509\" data-id=\"fcab509\" data-element_type=\"column\" data-e-type=\"column\">\n\t\t\t<div class=\"elementor-widget-wrap elementor-element-populated\">\n\t\t\t\t\t\t<section data-particle_enable=\"false\" data-particle-mobile-disabled=\"false\" class=\"elementor-section elementor-inner-section elementor-element elementor-element-dc9246f elementor-section-boxed elementor-section-height-default elementor-section-height-default\" data-id=\"dc9246f\" data-element_type=\"section\" data-e-type=\"section\" data-settings=\"{&quot;ekit_has_onepagescroll_dot&quot;:&quot;yes&quot;}\">\n\t\t\t\t\t\t<div class=\"elementor-container elementor-column-gap-default\">\n\t\t\t\t\t<div class=\"elementor-column elementor-col-100 elementor-inner-column elementor-element elementor-element-a0c1ab0\" data-id=\"a0c1ab0\" data-element_type=\"column\" data-e-type=\"column\">\n\t\t\t<div class=\"elementor-widget-wrap elementor-element-populated\">\n\t\t\t\t\t\t<div class=\"elementor-element elementor-element-b889e18 elementor-widget__width-auto elementor-widget elementor-widget-image\" data-id=\"b889e18\" data-element_type=\"widget\" data-e-type=\"widget\" data-settings=\"{&quot;ekit_we_effect_on&quot;:&quot;none&quot;}\" data-widget_type=\"image.default\">\n\t\t\t\t<div class=\"elementor-widget-container\">\n\t\t\t\t\t\t\t\t\t\t\t\t\t\t\t<img loading=\"lazy\" decoding=\"async\" width=\"12\" height=\"22\" src=\"https:\/\/pcimt.org\/wp-content\/uploads\/2024\/06\/pci-image-05.webp\" class=\"attachment-full size-full wp-image-1200\" alt=\"\" srcset=\"https:\/\/pcimt.org\/wp-content\/uploads\/2024\/06\/pci-image-05.webp 12w, https:\/\/pcimt.org\/wp-content\/uploads\/2024\/06\/pci-image-05-7x12.webp 7w\" sizes=\"(max-width: 12px) 100vw, 12px\" \/>\t\t\t\t\t\t\t\t\t\t\t\t\t\t\t<\/div>\n\t\t\t\t<\/div>\n\t\t\t\t<div class=\"elementor-element elementor-element-922c051 elementor-widget__width-auto elementor-widget elementor-widget-heading\" data-id=\"922c051\" data-element_type=\"widget\" data-e-type=\"widget\" data-settings=\"{&quot;ekit_we_effect_on&quot;:&quot;none&quot;}\" data-widget_type=\"heading.default\">\n\t\t\t\t<div class=\"elementor-widget-container\">\n\t\t\t\t\t<div class=\"elementor-heading-title elementor-size-default\">PCI Goals<\/div>\t\t\t\t<\/div>\n\t\t\t\t<\/div>\n\t\t\t\t<div class=\"elementor-element elementor-element-19957a6 elementor-widget elementor-widget-spacer\" data-id=\"19957a6\" data-element_type=\"widget\" data-e-type=\"widget\" data-settings=\"{&quot;ekit_we_effect_on&quot;:&quot;none&quot;}\" data-widget_type=\"spacer.default\">\n\t\t\t\t<div class=\"elementor-widget-container\">\n\t\t\t\t\t\t\t<div class=\"elementor-spacer\">\n\t\t\t<div class=\"elementor-spacer-inner\"><\/div>\n\t\t<\/div>\n\t\t\t\t\t\t<\/div>\n\t\t\t\t<\/div>\n\t\t\t\t<div class=\"elementor-element elementor-element-7e35f7e elementor-widget elementor-widget-heading\" data-id=\"7e35f7e\" data-element_type=\"widget\" data-e-type=\"widget\" data-settings=\"{&quot;ekit_we_effect_on&quot;:&quot;none&quot;}\" data-widget_type=\"heading.default\">\n\t\t\t\t<div class=\"elementor-widget-container\">\n\t\t\t\t\t<h2 class=\"elementor-heading-title elementor-size-default\">GOALS<\/h2>\t\t\t\t<\/div>\n\t\t\t\t<\/div>\n\t\t\t\t<div class=\"elementor-element elementor-element-0a0d56d elementor-widget elementor-widget-text-editor\" data-id=\"0a0d56d\" data-element_type=\"widget\" data-e-type=\"widget\" data-settings=\"{&quot;ekit_we_effect_on&quot;:&quot;none&quot;}\" data-widget_type=\"text-editor.default\">\n\t\t\t\t<div class=\"elementor-widget-container\">\n\t\t\t\t\t\t\t\t\t<p>Among the goals of the Vale do Juruena Regional Pact aligned with the PCI strategy are:<br \/>In the municipality of Juruena<\/p>\t\t\t\t\t\t\t\t<\/div>\n\t\t\t\t<\/div>\n\t\t\t\t\t<\/div>\n\t\t<\/div>\n\t\t\t\t\t<\/div>\n\t\t<\/section>\n\t\t\t\t<section data-particle_enable=\"false\" data-particle-mobile-disabled=\"false\" class=\"elementor-section elementor-inner-section elementor-element elementor-element-b206df8 elementor-section-boxed elementor-section-height-default elementor-section-height-default\" data-id=\"b206df8\" data-element_type=\"section\" data-e-type=\"section\" data-settings=\"{&quot;ekit_has_onepagescroll_dot&quot;:&quot;yes&quot;}\">\n\t\t\t\t\t\t<div class=\"elementor-container elementor-column-gap-default\">\n\t\t\t\t\t<div class=\"elementor-column elementor-col-33 elementor-inner-column elementor-element elementor-element-2be0bd2\" data-id=\"2be0bd2\" data-element_type=\"column\" data-e-type=\"column\" data-settings=\"{&quot;background_background&quot;:&quot;classic&quot;}\">\n\t\t\t<div class=\"elementor-widget-wrap elementor-element-populated\">\n\t\t\t\t\t\t<div class=\"elementor-element elementor-element-57a7419 elementor-widget elementor-widget-image\" data-id=\"57a7419\" data-element_type=\"widget\" data-e-type=\"widget\" data-settings=\"{&quot;ekit_we_effect_on&quot;:&quot;none&quot;}\" data-widget_type=\"image.default\">\n\t\t\t\t<div class=\"elementor-widget-container\">\n\t\t\t\t\t\t\t\t\t\t\t\t\t\t\t<img loading=\"lazy\" decoding=\"async\" width=\"550\" height=\"550\" src=\"https:\/\/pcimt.org\/wp-content\/uploads\/2024\/06\/icone-produzir-branco.png\" class=\"attachment-full size-full wp-image-2232\" alt=\"\" srcset=\"https:\/\/pcimt.org\/wp-content\/uploads\/2024\/06\/icone-produzir-branco.png 550w, https:\/\/pcimt.org\/wp-content\/uploads\/2024\/06\/icone-produzir-branco-300x300.png 300w, https:\/\/pcimt.org\/wp-content\/uploads\/2024\/06\/icone-produzir-branco-150x150.png 150w, https:\/\/pcimt.org\/wp-content\/uploads\/2024\/06\/icone-produzir-branco-12x12.png 12w\" sizes=\"(max-width: 550px) 100vw, 550px\" \/>\t\t\t\t\t\t\t\t\t\t\t\t\t\t\t<\/div>\n\t\t\t\t<\/div>\n\t\t\t\t<div class=\"elementor-element elementor-element-431c0e7 elementor-widget elementor-widget-text-editor\" data-id=\"431c0e7\" data-element_type=\"widget\" data-e-type=\"widget\" data-settings=\"{&quot;ekit_we_effect_on&quot;:&quot;none&quot;}\" data-widget_type=\"text-editor.default\">\n\t\t\t\t<div class=\"elementor-widget-container\">\n\t\t\t\t\t\t\t\t\tProduce\t\t\t\t\t\t\t\t<\/div>\n\t\t\t\t<\/div>\n\t\t\t\t<div class=\"elementor-element elementor-element-507c4c8 elementor-widget elementor-widget-text-editor\" data-id=\"507c4c8\" data-element_type=\"widget\" data-e-type=\"widget\" data-settings=\"{&quot;ekit_we_effect_on&quot;:&quot;none&quot;}\" data-widget_type=\"text-editor.default\">\n\t\t\t\t<div class=\"elementor-widget-container\">\n\t\t\t\t\t\t\t\t\t<ol><li>Restore 61,296 hectares of degraded pasture by 2023.<\/li><li>Increase livestock production by 20% by 2023.<\/li><li>Expand the grain area by 3,000 hectares on degraded pastures by 2023.<\/li><li>Double grain (soybean\/rice\/corn) production by 2023.<\/li><li>Increase the areas under forest management plans by 10% by 2023.<\/li><\/ol>\t\t\t\t\t\t\t\t<\/div>\n\t\t\t\t<\/div>\n\t\t\t\t\t<\/div>\n\t\t<\/div>\n\t\t\t\t<div class=\"elementor-column elementor-col-33 elementor-inner-column elementor-element elementor-element-f885d3d\" data-id=\"f885d3d\" data-element_type=\"column\" data-e-type=\"column\" data-settings=\"{&quot;background_background&quot;:&quot;classic&quot;}\">\n\t\t\t<div class=\"elementor-widget-wrap elementor-element-populated\">\n\t\t\t\t\t\t<div class=\"elementor-element elementor-element-5af5e7e elementor-widget elementor-widget-image\" data-id=\"5af5e7e\" data-element_type=\"widget\" data-e-type=\"widget\" data-settings=\"{&quot;ekit_we_effect_on&quot;:&quot;none&quot;}\" data-widget_type=\"image.default\">\n\t\t\t\t<div class=\"elementor-widget-container\">\n\t\t\t\t\t\t\t\t\t\t\t\t\t\t\t<img loading=\"lazy\" decoding=\"async\" width=\"550\" height=\"550\" src=\"https:\/\/pcimt.org\/wp-content\/uploads\/2024\/06\/icone-conservar-branco.png\" class=\"attachment-full size-full wp-image-2230\" alt=\"\" srcset=\"https:\/\/pcimt.org\/wp-content\/uploads\/2024\/06\/icone-conservar-branco.png 550w, https:\/\/pcimt.org\/wp-content\/uploads\/2024\/06\/icone-conservar-branco-300x300.png 300w, https:\/\/pcimt.org\/wp-content\/uploads\/2024\/06\/icone-conservar-branco-150x150.png 150w, https:\/\/pcimt.org\/wp-content\/uploads\/2024\/06\/icone-conservar-branco-12x12.png 12w\" sizes=\"(max-width: 550px) 100vw, 550px\" \/>\t\t\t\t\t\t\t\t\t\t\t\t\t\t\t<\/div>\n\t\t\t\t<\/div>\n\t\t\t\t<div class=\"elementor-element elementor-element-c724aac elementor-widget elementor-widget-text-editor\" data-id=\"c724aac\" data-element_type=\"widget\" data-e-type=\"widget\" data-settings=\"{&quot;ekit_we_effect_on&quot;:&quot;none&quot;}\" data-widget_type=\"text-editor.default\">\n\t\t\t\t<div class=\"elementor-widget-container\">\n\t\t\t\t\t\t\t\t\tConserve\t\t\t\t\t\t\t\t<\/div>\n\t\t\t\t<\/div>\n\t\t\t\t<div class=\"elementor-element elementor-element-a213887 elementor-widget elementor-widget-text-editor\" data-id=\"a213887\" data-element_type=\"widget\" data-e-type=\"widget\" data-settings=\"{&quot;ekit_we_effect_on&quot;:&quot;none&quot;}\" data-widget_type=\"text-editor.default\">\n\t\t\t\t<div class=\"elementor-widget-container\">\n\t\t\t\t\t\t\t\t\t<ol><li>Maintain 60% vegetation cover in compliance with the Forest Code.<\/li><li>Eliminate illegal deforestation by 2020.<\/li><li>Register 100% of rural properties with the Rural Environmental Registry (SIMCAR) by 2019.<\/li><li>Validate 80% of the Rural Environmental Registers (CARs) by 2020.<\/li><\/ol>\t\t\t\t\t\t\t\t<\/div>\n\t\t\t\t<\/div>\n\t\t\t\t\t<\/div>\n\t\t<\/div>\n\t\t\t\t<div class=\"elementor-column elementor-col-33 elementor-inner-column elementor-element elementor-element-0a16e4d\" data-id=\"0a16e4d\" data-element_type=\"column\" data-e-type=\"column\" data-settings=\"{&quot;background_background&quot;:&quot;classic&quot;}\">\n\t\t\t<div class=\"elementor-widget-wrap elementor-element-populated\">\n\t\t\t\t\t\t<div class=\"elementor-element elementor-element-26e3b31 elementor-widget elementor-widget-image\" data-id=\"26e3b31\" data-element_type=\"widget\" data-e-type=\"widget\" data-settings=\"{&quot;ekit_we_effect_on&quot;:&quot;none&quot;}\" data-widget_type=\"image.default\">\n\t\t\t\t<div class=\"elementor-widget-container\">\n\t\t\t\t\t\t\t\t\t\t\t\t\t\t\t<img loading=\"lazy\" decoding=\"async\" width=\"550\" height=\"550\" src=\"https:\/\/pcimt.org\/wp-content\/uploads\/2024\/06\/icone-incluir-branco.png\" class=\"attachment-full size-full wp-image-2231\" alt=\"\" srcset=\"https:\/\/pcimt.org\/wp-content\/uploads\/2024\/06\/icone-incluir-branco.png 550w, https:\/\/pcimt.org\/wp-content\/uploads\/2024\/06\/icone-incluir-branco-300x300.png 300w, https:\/\/pcimt.org\/wp-content\/uploads\/2024\/06\/icone-incluir-branco-150x150.png 150w, https:\/\/pcimt.org\/wp-content\/uploads\/2024\/06\/icone-incluir-branco-12x12.png 12w\" sizes=\"(max-width: 550px) 100vw, 550px\" \/>\t\t\t\t\t\t\t\t\t\t\t\t\t\t\t<\/div>\n\t\t\t\t<\/div>\n\t\t\t\t<div class=\"elementor-element elementor-element-6583649 elementor-widget elementor-widget-text-editor\" data-id=\"6583649\" data-element_type=\"widget\" data-e-type=\"widget\" data-settings=\"{&quot;ekit_we_effect_on&quot;:&quot;none&quot;}\" data-widget_type=\"text-editor.default\">\n\t\t\t\t<div class=\"elementor-widget-container\">\n\t\t\t\t\t\t\t\t\tInclude\t\t\t\t\t\t\t\t<\/div>\n\t\t\t\t<\/div>\n\t\t\t\t<div class=\"elementor-element elementor-element-9135fda elementor-widget elementor-widget-text-editor\" data-id=\"9135fda\" data-element_type=\"widget\" data-e-type=\"widget\" data-settings=\"{&quot;ekit_we_effect_on&quot;:&quot;none&quot;}\" data-widget_type=\"text-editor.default\">\n\t\t\t\t<div class=\"elementor-widget-container\">\n\t\t\t\t\t\t\t\t\t<ol><li>Increase ATER services for 660 families by 2020;<\/li><li>Regularize 80% of rural properties by 2023;<\/li><li>Increase milk production by 50% by 2023;<\/li><li>Increase coffee production by 500% by 2023;<\/li><li>Increase cocoa production by 1000% by 2023;<\/li><li>Increase annatto production by 1000% by 2023;<\/li><li>Increase pupunha production by 100% by 2023;<\/li><li>Increase Brazil nut production by 100% by 2023;<\/li><li>Increase banana production by 100% by 2023.<\/li><\/ol>\t\t\t\t\t\t\t\t<\/div>\n\t\t\t\t<\/div>\n\t\t\t\t\t<\/div>\n\t\t<\/div>\n\t\t\t\t\t<\/div>\n\t\t<\/section>\n\t\t\t\t<div class=\"elementor-element elementor-element-f240f66 elementor-widget elementor-widget-text-editor\" data-id=\"f240f66\" data-element_type=\"widget\" data-e-type=\"widget\" data-settings=\"{&quot;ekit_we_effect_on&quot;:&quot;none&quot;}\" data-widget_type=\"text-editor.default\">\n\t\t\t\t<div class=\"elementor-widget-container\">\n\t\t\t\t\t\t\t\t\tIn the municipality of Cotrigua\u00e7u\n\t\t\t\t\t\t\t\t<\/div>\n\t\t\t\t<\/div>\n\t\t\t\t<section data-particle_enable=\"false\" data-particle-mobile-disabled=\"false\" class=\"elementor-section elementor-inner-section elementor-element elementor-element-c78a9e9 elementor-section-boxed elementor-section-height-default elementor-section-height-default\" data-id=\"c78a9e9\" data-element_type=\"section\" data-e-type=\"section\" data-settings=\"{&quot;ekit_has_onepagescroll_dot&quot;:&quot;yes&quot;}\">\n\t\t\t\t\t\t<div class=\"elementor-container elementor-column-gap-default\">\n\t\t\t\t\t<div class=\"elementor-column elementor-col-33 elementor-inner-column elementor-element elementor-element-3f48d3b\" data-id=\"3f48d3b\" data-element_type=\"column\" data-e-type=\"column\" data-settings=\"{&quot;background_background&quot;:&quot;classic&quot;}\">\n\t\t\t<div class=\"elementor-widget-wrap elementor-element-populated\">\n\t\t\t\t\t\t<div class=\"elementor-element elementor-element-76f0991 elementor-widget elementor-widget-image\" data-id=\"76f0991\" data-element_type=\"widget\" data-e-type=\"widget\" data-settings=\"{&quot;ekit_we_effect_on&quot;:&quot;none&quot;}\" data-widget_type=\"image.default\">\n\t\t\t\t<div class=\"elementor-widget-container\">\n\t\t\t\t\t\t\t\t\t\t\t\t\t\t\t<img loading=\"lazy\" decoding=\"async\" width=\"550\" height=\"550\" src=\"https:\/\/pcimt.org\/wp-content\/uploads\/2024\/06\/icone-produzir-branco.png\" class=\"attachment-full size-full wp-image-2232\" alt=\"\" srcset=\"https:\/\/pcimt.org\/wp-content\/uploads\/2024\/06\/icone-produzir-branco.png 550w, https:\/\/pcimt.org\/wp-content\/uploads\/2024\/06\/icone-produzir-branco-300x300.png 300w, https:\/\/pcimt.org\/wp-content\/uploads\/2024\/06\/icone-produzir-branco-150x150.png 150w, https:\/\/pcimt.org\/wp-content\/uploads\/2024\/06\/icone-produzir-branco-12x12.png 12w\" sizes=\"(max-width: 550px) 100vw, 550px\" \/>\t\t\t\t\t\t\t\t\t\t\t\t\t\t\t<\/div>\n\t\t\t\t<\/div>\n\t\t\t\t<div class=\"elementor-element elementor-element-84a9199 elementor-widget elementor-widget-text-editor\" data-id=\"84a9199\" data-element_type=\"widget\" data-e-type=\"widget\" data-settings=\"{&quot;ekit_we_effect_on&quot;:&quot;none&quot;}\" data-widget_type=\"text-editor.default\">\n\t\t\t\t<div class=\"elementor-widget-container\">\n\t\t\t\t\t\t\t\t\tProduce\t\t\t\t\t\t\t\t<\/div>\n\t\t\t\t<\/div>\n\t\t\t\t<div class=\"elementor-element elementor-element-0d13a7f elementor-widget elementor-widget-text-editor\" data-id=\"0d13a7f\" data-element_type=\"widget\" data-e-type=\"widget\" data-settings=\"{&quot;ekit_we_effect_on&quot;:&quot;none&quot;}\" data-widget_type=\"text-editor.default\">\n\t\t\t\t<div class=\"elementor-widget-container\">\n\t\t\t\t\t\t\t\t\t<ol><li>Restore 121,608 hectares of degraded pastures by 2023.<\/li><li>Increase meat production by 20% by 2023.<\/li><li>Increase grain and degraded pasture areas by 2,000 hectares by 2023.<\/li><li>Increase grain (soybean\/rice\/corn) production by 150% by 2020.<\/li><li>Increase sustainable forest management plan areas by 10% by 2023.<\/li><\/ol>\t\t\t\t\t\t\t\t<\/div>\n\t\t\t\t<\/div>\n\t\t\t\t\t<\/div>\n\t\t<\/div>\n\t\t\t\t<div class=\"elementor-column elementor-col-33 elementor-inner-column elementor-element elementor-element-3aa7896\" data-id=\"3aa7896\" data-element_type=\"column\" data-e-type=\"column\" data-settings=\"{&quot;background_background&quot;:&quot;classic&quot;}\">\n\t\t\t<div class=\"elementor-widget-wrap elementor-element-populated\">\n\t\t\t\t\t\t<div class=\"elementor-element elementor-element-50a2bac elementor-widget elementor-widget-image\" data-id=\"50a2bac\" data-element_type=\"widget\" data-e-type=\"widget\" data-settings=\"{&quot;ekit_we_effect_on&quot;:&quot;none&quot;}\" data-widget_type=\"image.default\">\n\t\t\t\t<div class=\"elementor-widget-container\">\n\t\t\t\t\t\t\t\t\t\t\t\t\t\t\t<img loading=\"lazy\" decoding=\"async\" width=\"550\" height=\"550\" src=\"https:\/\/pcimt.org\/wp-content\/uploads\/2024\/06\/icone-conservar-branco.png\" class=\"attachment-full size-full wp-image-2230\" alt=\"\" srcset=\"https:\/\/pcimt.org\/wp-content\/uploads\/2024\/06\/icone-conservar-branco.png 550w, https:\/\/pcimt.org\/wp-content\/uploads\/2024\/06\/icone-conservar-branco-300x300.png 300w, https:\/\/pcimt.org\/wp-content\/uploads\/2024\/06\/icone-conservar-branco-150x150.png 150w, https:\/\/pcimt.org\/wp-content\/uploads\/2024\/06\/icone-conservar-branco-12x12.png 12w\" sizes=\"(max-width: 550px) 100vw, 550px\" \/>\t\t\t\t\t\t\t\t\t\t\t\t\t\t\t<\/div>\n\t\t\t\t<\/div>\n\t\t\t\t<div class=\"elementor-element elementor-element-617a421 elementor-widget elementor-widget-text-editor\" data-id=\"617a421\" data-element_type=\"widget\" data-e-type=\"widget\" data-settings=\"{&quot;ekit_we_effect_on&quot;:&quot;none&quot;}\" data-widget_type=\"text-editor.default\">\n\t\t\t\t<div class=\"elementor-widget-container\">\n\t\t\t\t\t\t\t\t\tConserve\t\t\t\t\t\t\t\t<\/div>\n\t\t\t\t<\/div>\n\t\t\t\t<div class=\"elementor-element elementor-element-e88c15a elementor-widget elementor-widget-text-editor\" data-id=\"e88c15a\" data-element_type=\"widget\" data-e-type=\"widget\" data-settings=\"{&quot;ekit_we_effect_on&quot;:&quot;none&quot;}\" data-widget_type=\"text-editor.default\">\n\t\t\t\t<div class=\"elementor-widget-container\">\n\t\t\t\t\t\t\t\t\t<ol><li>Maintain 78% vegetation cover in compliance with the Forest Code.<\/li><li>End illegal deforestation by 2023.<\/li><li>Register 100% of properties in the Rural Environmental Registry (CAR) by 2019.<\/li><li>Validate 100% of the Rural Environmental Registry (CAR) by 2020.<\/li><\/ol>\t\t\t\t\t\t\t\t<\/div>\n\t\t\t\t<\/div>\n\t\t\t\t\t<\/div>\n\t\t<\/div>\n\t\t\t\t<div class=\"elementor-column elementor-col-33 elementor-inner-column elementor-element elementor-element-4ebaa25\" data-id=\"4ebaa25\" data-element_type=\"column\" data-e-type=\"column\" data-settings=\"{&quot;background_background&quot;:&quot;classic&quot;}\">\n\t\t\t<div class=\"elementor-widget-wrap elementor-element-populated\">\n\t\t\t\t\t\t<div class=\"elementor-element elementor-element-ec988e9 elementor-widget elementor-widget-image\" data-id=\"ec988e9\" data-element_type=\"widget\" data-e-type=\"widget\" data-settings=\"{&quot;ekit_we_effect_on&quot;:&quot;none&quot;}\" data-widget_type=\"image.default\">\n\t\t\t\t<div class=\"elementor-widget-container\">\n\t\t\t\t\t\t\t\t\t\t\t\t\t\t\t<img loading=\"lazy\" decoding=\"async\" width=\"550\" height=\"550\" src=\"https:\/\/pcimt.org\/wp-content\/uploads\/2024\/06\/icone-incluir-branco.png\" class=\"attachment-full size-full wp-image-2231\" alt=\"\" srcset=\"https:\/\/pcimt.org\/wp-content\/uploads\/2024\/06\/icone-incluir-branco.png 550w, https:\/\/pcimt.org\/wp-content\/uploads\/2024\/06\/icone-incluir-branco-300x300.png 300w, https:\/\/pcimt.org\/wp-content\/uploads\/2024\/06\/icone-incluir-branco-150x150.png 150w, https:\/\/pcimt.org\/wp-content\/uploads\/2024\/06\/icone-incluir-branco-12x12.png 12w\" sizes=\"(max-width: 550px) 100vw, 550px\" \/>\t\t\t\t\t\t\t\t\t\t\t\t\t\t\t<\/div>\n\t\t\t\t<\/div>\n\t\t\t\t<div class=\"elementor-element elementor-element-e470a68 elementor-widget elementor-widget-text-editor\" data-id=\"e470a68\" data-element_type=\"widget\" data-e-type=\"widget\" data-settings=\"{&quot;ekit_we_effect_on&quot;:&quot;none&quot;}\" data-widget_type=\"text-editor.default\">\n\t\t\t\t<div class=\"elementor-widget-container\">\n\t\t\t\t\t\t\t\t\tInclude\t\t\t\t\t\t\t\t<\/div>\n\t\t\t\t<\/div>\n\t\t\t\t<div class=\"elementor-element elementor-element-53dbdcb elementor-widget elementor-widget-text-editor\" data-id=\"53dbdcb\" data-element_type=\"widget\" data-e-type=\"widget\" data-settings=\"{&quot;ekit_we_effect_on&quot;:&quot;none&quot;}\" data-widget_type=\"text-editor.default\">\n\t\t\t\t<div class=\"elementor-widget-container\">\n\t\t\t\t\t\t\t\t\t<ol><li>Increase ATER services for 3,000 families by 2023.<\/li><li>Regularize 100% of family farming plots by 2023.<\/li><li>Increase milk production by 10% by 2023;<\/li><li>Increase coffee production by 300% by 2023;<\/li><li>Increase cocoa production by 1000% by 2023;<\/li><li>Increase annatto production by 300% by 2023;<\/li><li>Increase Brazil nut production by 30% by 2023;<\/li><\/ol>\t\t\t\t\t\t\t\t<\/div>\n\t\t\t\t<\/div>\n\t\t\t\t\t<\/div>\n\t\t<\/div>\n\t\t\t\t\t<\/div>\n\t\t<\/section>\n\t\t\t\t\t<\/div>\n\t\t<\/div>\n\t\t\t\t\t<\/div>\n\t\t<\/section>\n\t\t\t\t<section data-particle_enable=\"false\" data-particle-mobile-disabled=\"false\" class=\"elementor-section elementor-top-section elementor-element elementor-element-3bec511 elementor-section-boxed elementor-section-height-default elementor-section-height-default\" data-id=\"3bec511\" data-element_type=\"section\" data-e-type=\"section\" data-settings=\"{&quot;ekit_has_onepagescroll_dot&quot;:&quot;yes&quot;}\">\n\t\t\t\t\t\t<div class=\"elementor-container elementor-column-gap-default\">\n\t\t\t\t\t<div class=\"elementor-column elementor-col-100 elementor-top-column elementor-element elementor-element-1c16f81\" data-id=\"1c16f81\" data-element_type=\"column\" data-e-type=\"column\">\n\t\t\t<div class=\"elementor-widget-wrap elementor-element-populated\">\n\t\t\t\t\t\t<div class=\"elementor-element elementor-element-fb2b73b elementor-widget__width-auto elementor-widget elementor-widget-image\" data-id=\"fb2b73b\" data-element_type=\"widget\" data-e-type=\"widget\" data-settings=\"{&quot;ekit_we_effect_on&quot;:&quot;none&quot;}\" data-widget_type=\"image.default\">\n\t\t\t\t<div class=\"elementor-widget-container\">\n\t\t\t\t\t\t\t\t\t\t\t\t\t\t\t<img decoding=\"async\" width=\"24\" height=\"24\" src=\"https:\/\/pcimt.org\/wp-content\/uploads\/2024\/06\/icon-pci.webp\" class=\"attachment-full size-full wp-image-1194\" alt=\"\" srcset=\"https:\/\/pcimt.org\/wp-content\/uploads\/2024\/06\/icon-pci.webp 24w, https:\/\/pcimt.org\/wp-content\/uploads\/2024\/06\/icon-pci-12x12.webp 12w\" sizes=\"(max-width: 24px) 100vw, 24px\" \/>\t\t\t\t\t\t\t\t\t\t\t\t\t\t\t<\/div>\n\t\t\t\t<\/div>\n\t\t\t\t<div class=\"elementor-element elementor-element-5cfcdc7 elementor-widget__width-auto elementor-widget elementor-widget-heading\" data-id=\"5cfcdc7\" data-element_type=\"widget\" data-e-type=\"widget\" data-settings=\"{&quot;ekit_we_effect_on&quot;:&quot;none&quot;}\" data-widget_type=\"heading.default\">\n\t\t\t\t<div class=\"elementor-widget-container\">\n\t\t\t\t\t<div class=\"elementor-heading-title elementor-size-default\">PCI Regionalization<\/div>\t\t\t\t<\/div>\n\t\t\t\t<\/div>\n\t\t\t\t<section data-particle_enable=\"false\" data-particle-mobile-disabled=\"false\" class=\"elementor-section elementor-inner-section elementor-element elementor-element-a8ecbb7 elementor-section-boxed elementor-section-height-default elementor-section-height-default\" data-id=\"a8ecbb7\" data-element_type=\"section\" data-e-type=\"section\" data-settings=\"{&quot;ekit_has_onepagescroll_dot&quot;:&quot;yes&quot;}\">\n\t\t\t\t\t\t<div class=\"elementor-container elementor-column-gap-default\">\n\t\t\t\t\t<div class=\"elementor-column elementor-col-100 elementor-inner-column elementor-element elementor-element-69a7d73\" data-id=\"69a7d73\" data-element_type=\"column\" data-e-type=\"column\">\n\t\t\t<div class=\"elementor-widget-wrap elementor-element-populated\">\n\t\t\t\t\t\t<div class=\"elementor-element elementor-element-4ea0eb1 elementor-widget elementor-widget-heading\" data-id=\"4ea0eb1\" data-element_type=\"widget\" data-e-type=\"widget\" data-settings=\"{&quot;ekit_we_effect_on&quot;:&quot;none&quot;}\" data-widget_type=\"heading.default\">\n\t\t\t\t<div class=\"elementor-widget-container\">\n\t\t\t\t\t<div class=\"elementor-heading-title elementor-size-default\">COMMITMENT<\/div>\t\t\t\t<\/div>\n\t\t\t\t<\/div>\n\t\t\t\t<div class=\"elementor-element elementor-element-26fe320 elementor-widget elementor-widget-text-editor\" data-id=\"26fe320\" data-element_type=\"widget\" data-e-type=\"widget\" data-settings=\"{&quot;ekit_we_effect_on&quot;:&quot;none&quot;}\" data-widget_type=\"text-editor.default\">\n\t\t\t\t<div class=\"elementor-widget-container\">\n\t\t\t\t\t\t\t\t\t<p><span style=\"font-weight: 400;\">In 2018, through the municipalities of Juruena and Cotrigua\u00e7u, together with PCI and private sector entities, agreements were signed...<\/span><a href=\"https:\/\/pcimt.org\/wp-content\/uploads\/2024\/06\/PactoJuruena.pdf\" target=\"_blank\" rel=\"noopener\"><span style=\"font-weight: 400;\">\u00a0<span style=\"text-decoration: underline;\">Memorandum of Understanding Juruena<\/span><\/span><\/a><span style=\"font-weight: 400;\">\u00a0and the\u00a0<\/span><span style=\"text-decoration: underline;\"><a href=\"https:\/\/pcimt.org\/wp-content\/uploads\/2024\/06\/PactoCotriguau.pdf\" target=\"_blank\" rel=\"noopener\"><span style=\"font-weight: 400;\">Memorandum of Understanding Cotrigua\u00e7u<\/span><\/a><\/span><span style=\"font-weight: 400;\">, aimed at establishing cooperation and making necessary efforts to promote sustainable economic development through the PCI strategy in the region. The agreement is for five years and is expected to last until 2023.<\/span><span style=\"font-weight: 400;\"><br \/><\/span><span style=\"font-weight: 400;\">See also:\u00a0<\/span><span style=\"text-decoration: underline;\"><a href=\"https:\/\/pcimt.org\/wp-content\/uploads\/2024\/06\/addendumn0022019Juruena.pdf\"><span style=\"font-weight: 400;\">Addendnum Juruena<\/span><\/a><\/span><span style=\"font-weight: 400;\">\u00a0and\u00a0<\/span><span style=\"text-decoration: underline;\"><a href=\"https:\/\/pcimt.org\/wp-content\/uploads\/2024\/06\/addendumn0022019Cotriguacu.pdf\" target=\"_blank\" rel=\"noopener\"><span style=\"font-weight: 400;\">Addendum Cotrigua\u00e7u<\/span><\/a><\/span><span style=\"font-weight: 400;\">. Em Dezembro de 2024, o munic\u00edpio de Ju\u00edna passou a integrar o Pacto PCI do Vale do Juruena por meio de Assinatura do <span style=\"text-decoration: underline;\"><a href=\"https:\/\/pcimt.org\/wp-content\/uploads\/2025\/02\/Pacto-de-Juina.pdf\" target=\"_blank\" rel=\"noopener\">Memorando de Entendimento Ju\u00edna<\/a><\/span>.<\/span><\/p>\t\t\t\t\t\t\t\t<\/div>\n\t\t\t\t<\/div>\n\t\t\t\t\t<\/div>\n\t\t<\/div>\n\t\t\t\t\t<\/div>\n\t\t<\/section>\n\t\t\t\t\t<\/div>\n\t\t<\/div>\n\t\t\t\t\t<\/div>\n\t\t<\/section>\n\t\t\t\t<\/div>","protected":false},"excerpt":{"rendered":"<p>Regionaliza\u00e7\u00e3o Pacto PCI Vale do Juruena Juruena \u00e9 um munic\u00edpio localizado na Regi\u00e3o Norte-Oeste de Mato Grosso, totalizando uma \u00e1rea de 3.190.476 km\u00b2 e popula\u00e7\u00e3o de 14.913 habitantes. Contrigua\u00e7\u00fa \u00e9 um munic\u00edpio do localizado na Regi\u00e3o Norte-Oeste de Mato Grosso, com uma \u00e1rea de 9.123.582 km\u00b2 e popula\u00e7\u00e3o de 19.254 habitantes. O Pacto Regional do [&hellip;]<\/p>\n","protected":false},"author":1,"featured_media":0,"parent":766,"menu_order":0,"comment_status":"closed","ping_status":"closed","template":"elementor_header_footer","meta":{"ocean_post_layout":"","ocean_both_sidebars_style":"","ocean_both_sidebars_content_width":0,"ocean_both_sidebars_sidebars_width":0,"ocean_sidebar":"","ocean_second_sidebar":"","ocean_disable_margins":"enable","ocean_add_body_class":"","ocean_shortcode_before_top_bar":"","ocean_shortcode_after_top_bar":"","ocean_shortcode_before_header":"","ocean_shortcode_after_header":"","ocean_has_shortcode":"","ocean_shortcode_after_title":"","ocean_shortcode_before_footer_widgets":"","ocean_shortcode_after_footer_widgets":"","ocean_shortcode_before_footer_bottom":"","ocean_shortcode_after_footer_bottom":"","ocean_display_top_bar":"default","ocean_display_header":"default","ocean_header_style":"","ocean_center_header_left_menu":"","ocean_custom_header_template":"","ocean_custom_logo":0,"ocean_custom_retina_logo":0,"ocean_custom_logo_max_width":0,"ocean_custom_logo_tablet_max_width":0,"ocean_custom_logo_mobile_max_width":0,"ocean_custom_logo_max_height":0,"ocean_custom_logo_tablet_max_height":0,"ocean_custom_logo_mobile_max_height":0,"ocean_header_custom_menu":"","ocean_menu_typo_font_family":"","ocean_menu_typo_font_subset":"","ocean_menu_typo_font_size":0,"ocean_menu_typo_font_size_tablet":0,"ocean_menu_typo_font_size_mobile":0,"ocean_menu_typo_font_size_unit":"px","ocean_menu_typo_font_weight":"","ocean_menu_typo_font_weight_tablet":"","ocean_menu_typo_font_weight_mobile":"","ocean_menu_typo_transform":"","ocean_menu_typo_transform_tablet":"","ocean_menu_typo_transform_mobile":"","ocean_menu_typo_line_height":0,"ocean_menu_typo_line_height_tablet":0,"ocean_menu_typo_line_height_mobile":0,"ocean_menu_typo_line_height_unit":"","ocean_menu_typo_spacing":0,"ocean_menu_typo_spacing_tablet":0,"ocean_menu_typo_spacing_mobile":0,"ocean_menu_typo_spacing_unit":"","ocean_menu_link_color":"","ocean_menu_link_color_hover":"","ocean_menu_link_color_active":"","ocean_menu_link_background":"","ocean_menu_link_hover_background":"","ocean_menu_link_active_background":"","ocean_menu_social_links_bg":"","ocean_menu_social_hover_links_bg":"","ocean_menu_social_links_color":"","ocean_menu_social_hover_links_color":"","ocean_disable_title":"on","ocean_disable_heading":"default","ocean_post_title":"","ocean_post_subheading":"","ocean_post_title_style":"","ocean_post_title_background_color":"","ocean_post_title_background":0,"ocean_post_title_bg_image_position":"","ocean_post_title_bg_image_attachment":"","ocean_post_title_bg_image_repeat":"","ocean_post_title_bg_image_size":"","ocean_post_title_height":0,"ocean_post_title_bg_overlay":0.5,"ocean_post_title_bg_overlay_color":"","ocean_disable_breadcrumbs":"default","ocean_breadcrumbs_color":"","ocean_breadcrumbs_separator_color":"","ocean_breadcrumbs_links_color":"","ocean_breadcrumbs_links_hover_color":"","ocean_display_footer_widgets":"default","ocean_display_footer_bottom":"default","ocean_custom_footer_template":"","footnotes":""},"class_list":["post-2785","page","type-page","status-publish","hentry","entry"],"yoast_head":"<!-- This site is optimized with the Yoast SEO plugin v27.1.1 - https:\/\/yoast.com\/product\/yoast-seo-wordpress\/ -->\n<title>Pacto Regional do Vale do Juruena - PCI<\/title>\n<meta name=\"robots\" content=\"index, follow, max-snippet:-1, max-image-preview:large, max-video-preview:-1\" \/>\n<link rel=\"canonical\" href=\"https:\/\/pcimt.org\/en\/regionalizacao\/pacto-regional-do-vale-do-juruena\/\" \/>\n<meta property=\"og:locale\" content=\"en_US\" \/>\n<meta property=\"og:type\" content=\"article\" \/>\n<meta property=\"og:title\" content=\"Pacto Regional do Vale do Juruena - PCI\" \/>\n<meta property=\"og:description\" content=\"Regionaliza\u00e7\u00e3o Pacto PCI Vale do Juruena Juruena \u00e9 um munic\u00edpio localizado na Regi\u00e3o Norte-Oeste de Mato Grosso, totalizando uma \u00e1rea de 3.190.476 km\u00b2 e popula\u00e7\u00e3o de 14.913 habitantes. Contrigua\u00e7\u00fa \u00e9 um munic\u00edpio do localizado na Regi\u00e3o Norte-Oeste de Mato Grosso, com uma \u00e1rea de 9.123.582 km\u00b2 e popula\u00e7\u00e3o de 19.254 habitantes. O Pacto Regional do [&hellip;]\" \/>\n<meta property=\"og:url\" content=\"https:\/\/pcimt.org\/en\/regionalizacao\/pacto-regional-do-vale-do-juruena\/\" \/>\n<meta property=\"og:site_name\" content=\"PCI\" \/>\n<meta property=\"article:modified_time\" content=\"2025-02-25T17:47:08+00:00\" \/>\n<meta property=\"og:image\" content=\"http:\/\/pcimt.org\/wp-content\/uploads\/2024\/06\/icon-pci.webp\" \/>\n<meta name=\"twitter:card\" content=\"summary_large_image\" \/>\n<meta name=\"twitter:label1\" content=\"Est. reading time\" \/>\n\t<meta name=\"twitter:data1\" content=\"6 minutes\" \/>\n<script type=\"application\/ld+json\" class=\"yoast-schema-graph\">{\"@context\":\"https:\/\/schema.org\",\"@graph\":[{\"@type\":\"WebPage\",\"@id\":\"https:\/\/pcimt.org\/regionalizacao\/pacto-regional-do-vale-do-juruena\/\",\"url\":\"https:\/\/pcimt.org\/regionalizacao\/pacto-regional-do-vale-do-juruena\/\",\"name\":\"Pacto Regional do Vale do Juruena - PCI\",\"isPartOf\":{\"@id\":\"http:\/\/pcimt.org\/#website\"},\"primaryImageOfPage\":{\"@id\":\"https:\/\/pcimt.org\/regionalizacao\/pacto-regional-do-vale-do-juruena\/#primaryimage\"},\"image\":{\"@id\":\"https:\/\/pcimt.org\/regionalizacao\/pacto-regional-do-vale-do-juruena\/#primaryimage\"},\"thumbnailUrl\":\"http:\/\/pcimt.org\/wp-content\/uploads\/2024\/06\/icon-pci.webp\",\"datePublished\":\"2024-06-19T09:35:25+00:00\",\"dateModified\":\"2025-02-25T17:47:08+00:00\",\"breadcrumb\":{\"@id\":\"https:\/\/pcimt.org\/regionalizacao\/pacto-regional-do-vale-do-juruena\/#breadcrumb\"},\"inLanguage\":\"en-US\",\"potentialAction\":[{\"@type\":\"ReadAction\",\"target\":[\"https:\/\/pcimt.org\/regionalizacao\/pacto-regional-do-vale-do-juruena\/\"]}]},{\"@type\":\"ImageObject\",\"inLanguage\":\"en-US\",\"@id\":\"https:\/\/pcimt.org\/regionalizacao\/pacto-regional-do-vale-do-juruena\/#primaryimage\",\"url\":\"http:\/\/pcimt.org\/wp-content\/uploads\/2024\/06\/icon-pci.webp\",\"contentUrl\":\"http:\/\/pcimt.org\/wp-content\/uploads\/2024\/06\/icon-pci.webp\"},{\"@type\":\"BreadcrumbList\",\"@id\":\"https:\/\/pcimt.org\/regionalizacao\/pacto-regional-do-vale-do-juruena\/#breadcrumb\",\"itemListElement\":[{\"@type\":\"ListItem\",\"position\":1,\"name\":\"In\u00edcio\",\"item\":\"https:\/\/pcimt.org\/\"},{\"@type\":\"ListItem\",\"position\":2,\"name\":\"Regionaliza\u00e7\u00e3o\",\"item\":\"https:\/\/pcimt.org\/en\/regionalizacao\/\"},{\"@type\":\"ListItem\",\"position\":3,\"name\":\"Pacto Regional do Vale do Juruena\"}]},{\"@type\":\"WebSite\",\"@id\":\"http:\/\/pcimt.org\/#website\",\"url\":\"http:\/\/pcimt.org\/\",\"name\":\"PCI\",\"description\":\"Produzir, Conservar e Incluir\",\"potentialAction\":[{\"@type\":\"SearchAction\",\"target\":{\"@type\":\"EntryPoint\",\"urlTemplate\":\"http:\/\/pcimt.org\/?s={search_term_string}\"},\"query-input\":{\"@type\":\"PropertyValueSpecification\",\"valueRequired\":true,\"valueName\":\"search_term_string\"}}],\"inLanguage\":\"en-US\"}]}<\/script>\n<!-- \/ Yoast SEO plugin. -->","yoast_head_json":{"title":"Pacto Regional do Vale do Juruena - PCI","robots":{"index":"index","follow":"follow","max-snippet":"max-snippet:-1","max-image-preview":"max-image-preview:large","max-video-preview":"max-video-preview:-1"},"canonical":"https:\/\/pcimt.org\/en\/regionalizacao\/pacto-regional-do-vale-do-juruena\/","og_locale":"en_US","og_type":"article","og_title":"Pacto Regional do Vale do Juruena - PCI","og_description":"Regionaliza\u00e7\u00e3o Pacto PCI Vale do Juruena Juruena \u00e9 um munic\u00edpio localizado na Regi\u00e3o Norte-Oeste de Mato Grosso, totalizando uma \u00e1rea de 3.190.476 km\u00b2 e popula\u00e7\u00e3o de 14.913 habitantes. Contrigua\u00e7\u00fa \u00e9 um munic\u00edpio do localizado na Regi\u00e3o Norte-Oeste de Mato Grosso, com uma \u00e1rea de 9.123.582 km\u00b2 e popula\u00e7\u00e3o de 19.254 habitantes. O Pacto Regional do [&hellip;]","og_url":"https:\/\/pcimt.org\/en\/regionalizacao\/pacto-regional-do-vale-do-juruena\/","og_site_name":"PCI","article_modified_time":"2025-02-25T17:47:08+00:00","og_image":[{"url":"http:\/\/pcimt.org\/wp-content\/uploads\/2024\/06\/icon-pci.webp","type":"","width":"","height":""}],"twitter_card":"summary_large_image","twitter_misc":{"Est. reading time":"6 minutes"},"schema":{"@context":"https:\/\/schema.org","@graph":[{"@type":"WebPage","@id":"https:\/\/pcimt.org\/regionalizacao\/pacto-regional-do-vale-do-juruena\/","url":"https:\/\/pcimt.org\/regionalizacao\/pacto-regional-do-vale-do-juruena\/","name":"Pacto Regional do Vale do Juruena - PCI","isPartOf":{"@id":"http:\/\/pcimt.org\/#website"},"primaryImageOfPage":{"@id":"https:\/\/pcimt.org\/regionalizacao\/pacto-regional-do-vale-do-juruena\/#primaryimage"},"image":{"@id":"https:\/\/pcimt.org\/regionalizacao\/pacto-regional-do-vale-do-juruena\/#primaryimage"},"thumbnailUrl":"http:\/\/pcimt.org\/wp-content\/uploads\/2024\/06\/icon-pci.webp","datePublished":"2024-06-19T09:35:25+00:00","dateModified":"2025-02-25T17:47:08+00:00","breadcrumb":{"@id":"https:\/\/pcimt.org\/regionalizacao\/pacto-regional-do-vale-do-juruena\/#breadcrumb"},"inLanguage":"en-US","potentialAction":[{"@type":"ReadAction","target":["https:\/\/pcimt.org\/regionalizacao\/pacto-regional-do-vale-do-juruena\/"]}]},{"@type":"ImageObject","inLanguage":"en-US","@id":"https:\/\/pcimt.org\/regionalizacao\/pacto-regional-do-vale-do-juruena\/#primaryimage","url":"http:\/\/pcimt.org\/wp-content\/uploads\/2024\/06\/icon-pci.webp","contentUrl":"http:\/\/pcimt.org\/wp-content\/uploads\/2024\/06\/icon-pci.webp"},{"@type":"BreadcrumbList","@id":"https:\/\/pcimt.org\/regionalizacao\/pacto-regional-do-vale-do-juruena\/#breadcrumb","itemListElement":[{"@type":"ListItem","position":1,"name":"In\u00edcio","item":"https:\/\/pcimt.org\/"},{"@type":"ListItem","position":2,"name":"Regionaliza\u00e7\u00e3o","item":"https:\/\/pcimt.org\/en\/regionalizacao\/"},{"@type":"ListItem","position":3,"name":"Pacto Regional do Vale do Juruena"}]},{"@type":"WebSite","@id":"http:\/\/pcimt.org\/#website","url":"http:\/\/pcimt.org\/","name":"The PCI","description":"Produce, Conserve and Include","potentialAction":[{"@type":"SearchAction","target":{"@type":"EntryPoint","urlTemplate":"http:\/\/pcimt.org\/?s={search_term_string}"},"query-input":{"@type":"PropertyValueSpecification","valueRequired":true,"valueName":"search_term_string"}}],"inLanguage":"en-US"}]}},"_links":{"self":[{"href":"https:\/\/pcimt.org\/en\/wp-json\/wp\/v2\/pages\/2785","targetHints":{"allow":["GET"]}}],"collection":[{"href":"https:\/\/pcimt.org\/en\/wp-json\/wp\/v2\/pages"}],"about":[{"href":"https:\/\/pcimt.org\/en\/wp-json\/wp\/v2\/types\/page"}],"author":[{"embeddable":true,"href":"https:\/\/pcimt.org\/en\/wp-json\/wp\/v2\/users\/1"}],"replies":[{"embeddable":true,"href":"https:\/\/pcimt.org\/en\/wp-json\/wp\/v2\/comments?post=2785"}],"version-history":[{"count":37,"href":"https:\/\/pcimt.org\/en\/wp-json\/wp\/v2\/pages\/2785\/revisions"}],"predecessor-version":[{"id":3588,"href":"https:\/\/pcimt.org\/en\/wp-json\/wp\/v2\/pages\/2785\/revisions\/3588"}],"up":[{"embeddable":true,"href":"https:\/\/pcimt.org\/en\/wp-json\/wp\/v2\/pages\/766"}],"wp:attachment":[{"href":"https:\/\/pcimt.org\/en\/wp-json\/wp\/v2\/media?parent=2785"}],"curies":[{"name":"wp","href":"https:\/\/api.w.org\/{rel}","templated":true}]}}